
{"id":1961,"date":"2023-05-26T13:45:50","date_gmt":"2023-05-26T11:45:50","guid":{"rendered":"https:\/\/ippa.uek.krakow.pl\/kpp\/?post_type=pracownicy&#038;p=1961"},"modified":"2025-02-28T09:27:39","modified_gmt":"2025-02-28T08:27:39","slug":"pracownik-6","status":"publish","type":"pracownicy","link":"https:\/\/ippa.uek.krakow.pl\/kpp\/pracownicy\/pracownik-6\/","title":{"rendered":"dr Anna Budzanowska"},"content":{"rendered":"\t\t<div data-elementor-type=\"wp-post\" data-elementor-id=\"1961\" class=\"elementor elementor-1961\">\n\t\t\t\t\t\t<section data-particle_enable=\"false\" data-particle-mobile-disabled=\"false\" class=\"elementor-section elementor-top-section elementor-element elementor-element-3b9614d elementor-section-boxed elementor-section-height-default elementor-section-height-default\" data-id=\"3b9614d\" data-element_type=\"section\" data-settings=\"{&quot;jet_parallax_layout_list&quot;:[{&quot;_id&quot;:&quot;80d470e&quot;,&quot;jet_parallax_layout_image&quot;:{&quot;url&quot;:&quot;&quot;,&quot;id&quot;:&quot;&quot;,&quot;size&quot;:&quot;&quot;},&quot;jet_parallax_layout_image_laptop&quot;:{&quot;url&quot;:&quot;&quot;,&quot;id&quot;:&quot;&quot;,&quot;size&quot;:&quot;&quot;},&quot;jet_parallax_layout_image_tablet_extra&quot;:{&quot;url&quot;:&quot;&quot;,&quot;id&quot;:&quot;&quot;,&quot;size&quot;:&quot;&quot;},&quot;jet_parallax_layout_image_tablet&quot;:{&quot;url&quot;:&quot;&quot;,&quot;id&quot;:&quot;&quot;,&quot;size&quot;:&quot;&quot;},&quot;jet_parallax_layout_image_mobile_extra&quot;:{&quot;url&quot;:&quot;&quot;,&quot;id&quot;:&quot;&quot;,&quot;size&quot;:&quot;&quot;},&quot;jet_parallax_layout_image_mobile&quot;:{&quot;url&quot;:&quot;&quot;,&quot;id&quot;:&quot;&quot;,&quot;size&quot;:&quot;&quot;},&quot;jet_parallax_layout_speed&quot;:{&quot;unit&quot;:&quot;%&quot;,&quot;size&quot;:50,&quot;sizes&quot;:[]},&quot;jet_parallax_layout_type&quot;:&quot;scroll&quot;,&quot;jet_parallax_layout_direction&quot;:null,&quot;jet_parallax_layout_fx_direction&quot;:null,&quot;jet_parallax_layout_z_index&quot;:&quot;&quot;,&quot;jet_parallax_layout_bg_x&quot;:50,&quot;jet_parallax_layout_bg_x_laptop&quot;:&quot;&quot;,&quot;jet_parallax_layout_bg_x_tablet_extra&quot;:&quot;&quot;,&quot;jet_parallax_layout_bg_x_tablet&quot;:&quot;&quot;,&quot;jet_parallax_layout_bg_x_mobile_extra&quot;:&quot;&quot;,&quot;jet_parallax_layout_bg_x_mobile&quot;:&quot;&quot;,&quot;jet_parallax_layout_bg_y&quot;:50,&quot;jet_parallax_layout_bg_y_laptop&quot;:&quot;&quot;,&quot;jet_parallax_layout_bg_y_tablet_extra&quot;:&quot;&quot;,&quot;jet_parallax_layout_bg_y_tablet&quot;:&quot;&quot;,&quot;jet_parallax_layout_bg_y_mobile_extra&quot;:&quot;&quot;,&quot;jet_parallax_layout_bg_y_mobile&quot;:&quot;&quot;,&quot;jet_parallax_layout_bg_size&quot;:&quot;auto&quot;,&quot;jet_parallax_layout_bg_size_laptop&quot;:&quot;&quot;,&quot;jet_parallax_layout_bg_size_tablet_extra&quot;:&quot;&quot;,&quot;jet_parallax_layout_bg_size_tablet&quot;:&quot;&quot;,&quot;jet_parallax_layout_bg_size_mobile_extra&quot;:&quot;&quot;,&quot;jet_parallax_layout_bg_size_mobile&quot;:&quot;&quot;,&quot;jet_parallax_layout_animation_prop&quot;:&quot;transform&quot;,&quot;jet_parallax_layout_on&quot;:[&quot;desktop&quot;,&quot;tablet&quot;]}]}\">\n\t\t\t\t\t\t<div class=\"elementor-container elementor-column-gap-default\">\n\t\t\t\t\t<div class=\"elementor-column elementor-col-33 elementor-top-column elementor-element elementor-element-7901abea\" data-id=\"7901abea\" data-element_type=\"column\">\n\t\t\t<div class=\"elementor-widget-wrap elementor-element-populated\">\n\t\t\t\t\t\t<div class=\"elementor-element elementor-element-525ca7f7 elementor-mobile-align-center elementor-icon-list--layout-traditional elementor-list-item-link-full_width elementor-widget elementor-widget-icon-list\" data-id=\"525ca7f7\" data-element_type=\"widget\" data-widget_type=\"icon-list.default\">\n\t\t\t\t<div class=\"elementor-widget-container\">\n\t\t\t\t\t<ul class=\"elementor-icon-list-items\">\n\t\t\t\t\t\t\t<li class=\"elementor-icon-list-item\">\n\t\t\t\t\t\t\t\t\t\t\t<a href=\"mailto:mail@uek.krakow.pl\">\n\n\t\t\t\t\t\t\t\t\t\t\t\t<span class=\"elementor-icon-list-icon\">\n\t\t\t\t\t\t\t<i aria-hidden=\"true\" class=\"far fa-envelope\"><\/i>\t\t\t\t\t\t<\/span>\n\t\t\t\t\t\t\t\t\t\t<span class=\"elementor-icon-list-text\">budzanoa@uek.krakow.pl<\/span>\n\t\t\t\t\t\t\t\t\t\t\t<\/a>\n\t\t\t\t\t\t\t\t\t<\/li>\n\t\t\t\t\t\t\t\t<li class=\"elementor-icon-list-item\">\n\t\t\t\t\t\t\t\t\t\t\t<a href=\"tel:(+48)%2012%20293%2000%2000\">\n\n\t\t\t\t\t\t\t\t\t\t\t\t<span class=\"elementor-icon-list-icon\">\n\t\t\t\t\t\t\t<i aria-hidden=\"true\" class=\"fas fa-phone-alt\"><\/i>\t\t\t\t\t\t<\/span>\n\t\t\t\t\t\t\t\t\t\t<span class=\"elementor-icon-list-text\">(+48) 12 293 57 31 (telefon do sekretariatu)<\/span>\n\t\t\t\t\t\t\t\t\t\t\t<\/a>\n\t\t\t\t\t\t\t\t\t<\/li>\n\t\t\t\t\t\t\t\t<li class=\"elementor-icon-list-item\">\n\t\t\t\t\t\t\t\t\t\t\t<a href=\"#\" target=\"_blank\">\n\n\t\t\t\t\t\t\t\t\t\t\t\t<span class=\"elementor-icon-list-icon\">\n\t\t\t\t\t\t\t<i aria-hidden=\"true\" class=\"fas fa-comments\"><\/i>\t\t\t\t\t\t<\/span>\n\t\t\t\t\t\t\t\t\t\t<span class=\"elementor-icon-list-text\">Sprawd\u017a konsultacje<\/span>\n\t\t\t\t\t\t\t\t\t\t\t<\/a>\n\t\t\t\t\t\t\t\t\t<\/li>\n\t\t\t\t\t\t\t\t<li class=\"elementor-icon-list-item\">\n\t\t\t\t\t\t\t\t\t\t\t<span class=\"elementor-icon-list-icon\">\n\t\t\t\t\t\t\t<i aria-hidden=\"true\" class=\"fas fa-map-marker-alt\"><\/i>\t\t\t\t\t\t<\/span>\n\t\t\t\t\t\t\t\t\t\t<span class=\"elementor-icon-list-text\"><\/span>\n\t\t\t\t\t\t\t\t\t<\/li>\n\t\t\t\t\t\t<\/ul>\n\t\t\t\t<\/div>\n\t\t\t\t<\/div>\n\t\t\t\t<div class=\"elementor-element elementor-element-20d84377 elementor-widget elementor-widget-spacer\" data-id=\"20d84377\" data-element_type=\"widget\" data-widget_type=\"spacer.default\">\n\t\t\t\t<div class=\"elementor-widget-container\">\n\t\t\t\t\t<div class=\"elementor-spacer\">\n\t\t\t<div class=\"elementor-spacer-inner\"><\/div>\n\t\t<\/div>\n\t\t\t\t<\/div>\n\t\t\t\t<\/div>\n\t\t\t\t<div class=\"elementor-element elementor-element-40095c65 elementor-position-left elementor-vertical-align-top elementor-widget elementor-widget-image-box\" data-id=\"40095c65\" data-element_type=\"widget\" data-widget_type=\"image-box.default\">\n\t\t\t\t<div class=\"elementor-widget-container\">\n\t\t\t<div class=\"elementor-image-box-wrapper\"><figure class=\"elementor-image-box-img\"><a href=\"#\" tabindex=\"-1\"><img fetchpriority=\"high\" decoding=\"async\" width=\"420\" height=\"445\" src=\"https:\/\/ippa.uek.krakow.pl\/kpp\/wp-content\/uploads\/sites\/4\/2023\/02\/publikacje-dorobek.png\" class=\"elementor-animation-pulse attachment-full size-full wp-image-186\" alt=\"\" srcset=\"https:\/\/ippa.uek.krakow.pl\/kpp\/wp-content\/uploads\/sites\/4\/2023\/02\/publikacje-dorobek.png 420w, https:\/\/ippa.uek.krakow.pl\/kpp\/wp-content\/uploads\/sites\/4\/2023\/02\/publikacje-dorobek-283x300.png 283w\" sizes=\"(max-width: 420px) 100vw, 420px\" \/><\/a><\/figure><div class=\"elementor-image-box-content\"><h3 class=\"elementor-image-box-title\"><a href=\"#\">Publikacje w bazie \u201eDorobek\u201d  \u00bb<\/a><\/h3><\/div><\/div>\t\t<\/div>\n\t\t\t\t<\/div>\n\t\t\t\t<div class=\"elementor-element elementor-element-6b18df31 elementor-position-left elementor-vertical-align-top elementor-widget elementor-widget-image-box\" data-id=\"6b18df31\" data-element_type=\"widget\" data-widget_type=\"image-box.default\">\n\t\t\t\t<div class=\"elementor-widget-container\">\n\t\t\t<div class=\"elementor-image-box-wrapper\"><figure class=\"elementor-image-box-img\"><a href=\"https:\/\/orcid.org\/0000-0002-8662-605X\" tabindex=\"-1\"><img decoding=\"async\" width=\"100\" height=\"100\" src=\"https:\/\/ippa.uek.krakow.pl\/kpp\/wp-content\/uploads\/sites\/4\/2023\/02\/ORCID-icon.png\" class=\"elementor-animation-pulse attachment-full size-full wp-image-187\" alt=\"\" srcset=\"https:\/\/ippa.uek.krakow.pl\/kpp\/wp-content\/uploads\/sites\/4\/2023\/02\/ORCID-icon.png 100w, https:\/\/ippa.uek.krakow.pl\/kpp\/wp-content\/uploads\/sites\/4\/2023\/02\/ORCID-icon-75x75.png 75w\" sizes=\"(max-width: 100px) 100vw, 100px\" \/><\/a><\/figure><div class=\"elementor-image-box-content\"><h3 class=\"elementor-image-box-title\"><a href=\"https:\/\/orcid.org\/0000-0002-8662-605X\">ORCID \u00bb<\/a><\/h3><\/div><\/div>\t\t<\/div>\n\t\t\t\t<\/div>\n\t\t\t\t\t<\/div>\n\t\t<\/div>\n\t\t\t\t<div class=\"elementor-column elementor-col-33 elementor-top-column elementor-element elementor-element-5910100c\" data-id=\"5910100c\" data-element_type=\"column\">\n\t\t\t<div class=\"elementor-widget-wrap elementor-element-populated\">\n\t\t\t\t\t\t\t<\/div>\n\t\t<\/div>\n\t\t\t\t<div class=\"elementor-column elementor-col-33 elementor-top-column elementor-element elementor-element-c9b68cd\" data-id=\"c9b68cd\" data-element_type=\"column\">\n\t\t\t<div class=\"elementor-widget-wrap elementor-element-populated\">\n\t\t\t\t\t\t<div class=\"elementor-element elementor-element-73235f3d elementor-widget elementor-widget-text-editor\" data-id=\"73235f3d\" data-element_type=\"widget\" data-widget_type=\"text-editor.default\">\n\t\t\t\t<div class=\"elementor-widget-container\">\n\t\t\t\t\t\t\t<p><span data-contrast=\"none\">Absolwentka nauk politycznych na Wydziale Prawa i Administracji Uniwersytetu Jagiello\u0144skiego. W 2008 roku obroni\u0142a doktorat z zakresu doktryn politycznych i prawnych na Wydziale Studi\u00f3w Mi\u0119dzynarodowych i Politycznych Uniwersytetu Jagiello\u0144skiego.<\/span><span data-ccp-props=\"{&quot;134233117&quot;:false,&quot;134233118&quot;:false,&quot;201341983&quot;:0,&quot;335551550&quot;:1,&quot;335551620&quot;:1,&quot;335559738&quot;:0,&quot;335559739&quot;:0,&quot;335559740&quot;:259}\">\u00a0<\/span><\/p><p><span data-contrast=\"none\">Od pocz\u0105tku kariery zawodowej pracowa\u0142a w instytucjach publicznych. W latach 2016-2021 zwi\u0105zana z Ministerstwem Nauki i Szkolnictwa Wy\u017cszego najpierw jako Dyrektor Generalny, a nast\u0119pnie jako wiceminister nauki i szkolnictwa wy\u017cszego. Odpowiada\u0142a za strategi\u0119 wdra\u017cania reformy 2.0 we wsp\u00f3\u0142pracy z uczelniami, organizacjami studenckimi i doktoranckimi. w Wsp\u00f3\u0142autorka Narodowego Kongresu Nauki 2016-2020, modelu szk\u00f3\u0142 doktorskich oraz inicjatywy Research University \u2013 Excellence Initiative. Obecnie odpowiada za sprawy europejskie i polityki publiczne w obszarze innowacyjno\u015bci i nowych technologii.<\/span><span data-ccp-props=\"{&quot;134233117&quot;:false,&quot;134233118&quot;:false,&quot;201341983&quot;:0,&quot;335551550&quot;:2,&quot;335551620&quot;:2,&quot;335559738&quot;:0,&quot;335559739&quot;:0,&quot;335559740&quot;:259}\">\u00a0<\/span><\/p><p><span data-contrast=\"none\">Profile badawcze: doktryny polityczne i prawne, polityki publiczne, systemy polityczne.<\/span><span data-ccp-props=\"{&quot;134233117&quot;:false,&quot;134233118&quot;:false,&quot;201341983&quot;:0,&quot;335551550&quot;:2,&quot;335551620&quot;:2,&quot;335559738&quot;:0,&quot;335559739&quot;:0,&quot;335559740&quot;:259}\">\u00a0<\/span><\/p><p><span data-contrast=\"none\">W zakresie doktryn prawnych i my\u015bli politycznej, w szczeg\u00f3lno\u015bci: tradycje ideologiczne francuskiej prawicy, historia kobiet, procesy sekularyzacyjne, ustrojowe konsekwencje Afery Dreyfusa i Francji Vichy.<\/span><span data-ccp-props=\"{&quot;134233117&quot;:false,&quot;134233118&quot;:false,&quot;201341983&quot;:0,&quot;335551550&quot;:2,&quot;335551620&quot;:2,&quot;335559738&quot;:0,&quot;335559739&quot;:0,&quot;335559740&quot;:259}\">\u00a0<\/span><\/p><p><span data-contrast=\"none\">W zakresie kszta\u0142towania polityk publicznych: deliberacja, zmiany klimatyczne, zarz\u0105dzanie w szkolnictwie wy\u017cszym i nauce, instytucje akademickie, Uniwersytety Europejskie (EUI), rady uczelni i wolno\u015b\u0107 akademicka. W zakresie bada\u0144 nad systemem szkolnictwa wy\u017cszego jest afiliowanym badaczem w Katedrze bada\u0144 nad nauk\u0105 i szkolnictwem wy\u017cszym Uniwersytetu Miko\u0142aja Kopernika w Toruniu.<\/span><span data-ccp-props=\"{&quot;134233117&quot;:false,&quot;134233118&quot;:false,&quot;201341983&quot;:0,&quot;335551550&quot;:2,&quot;335551620&quot;:2,&quot;335559738&quot;:0,&quot;335559739&quot;:0,&quot;335559740&quot;:259}\">\u00a0<\/span><\/p><p><span data-contrast=\"none\">Autorka ksi\u0105\u017cek z zakresu francuskiej my\u015bli politycznej oraz licznych artyku\u0142\u00f3w naukowych publikowanych w polskich i zagranicznych czasopismach naukowych.<\/span><span data-ccp-props=\"{&quot;134233117&quot;:false,&quot;134233118&quot;:false,&quot;201341983&quot;:0,&quot;335551550&quot;:2,&quot;335551620&quot;:2,&quot;335559738&quot;:0,&quot;335559739&quot;:0,&quot;335559740&quot;:259}\">\u00a0<\/span><\/p><p><span data-contrast=\"none\">Cz\u0142onek Rady Polsko-Ameryka\u0144skiej Komisji Fulbrighta (2018-2021).<\/span><span data-ccp-props=\"{&quot;134233117&quot;:false,&quot;134233118&quot;:false,&quot;201341983&quot;:0,&quot;335551550&quot;:2,&quot;335551620&quot;:2,&quot;335559738&quot;:0,&quot;335559739&quot;:0,&quot;335559740&quot;:259}\">\u00a0<\/span><\/p><p><span data-contrast=\"none\">Laureat nagrody Pro Juvenes Parlamentu Student\u00f3w Rzeczypospolitej Polskiej w kategorii \u2013 przyjaciel samorz\u0105dno\u015bci studenckiej.<\/span><span data-ccp-props=\"{&quot;134233117&quot;:false,&quot;134233118&quot;:false,&quot;201341983&quot;:0,&quot;335551550&quot;:2,&quot;335551620&quot;:2,&quot;335559738&quot;:0,&quot;335559739&quot;:0,&quot;335559740&quot;:259}\">\u00a0<\/span><\/p><p><span data-contrast=\"none\">Champion EuroScience Open Forum\u00a0 (ESOF 2024). Pe\u0142nomocnik ds. Prezydenta Katowic ds. Europejskiego Miasta Nauki Katowice 2024<\/span><span data-ccp-props=\"{&quot;134233117&quot;:false,&quot;134233118&quot;:false,&quot;201341983&quot;:0,&quot;335551550&quot;:2,&quot;335551620&quot;:2,&quot;335559738&quot;:0,&quot;335559739&quot;:0,&quot;335559740&quot;:259}\">\u00a0<\/span><\/p><p><span data-contrast=\"none\">Stypendystka rz\u0105du francuskiego<\/span><span data-ccp-props=\"{&quot;134233117&quot;:false,&quot;134233118&quot;:false,&quot;201341983&quot;:0,&quot;335551550&quot;:2,&quot;335551620&quot;:2,&quot;335559738&quot;:0,&quot;335559739&quot;:0,&quot;335559740&quot;:259}\">\u00a0<\/span><\/p>\t\t\t\t\t\t<\/div>\n\t\t\t\t<\/div>\n\t\t\t\t\t<\/div>\n\t\t<\/div>\n\t\t\t\t\t<\/div>\n\t\t<\/section>\n\t\t\t\t<\/div>\n\t\t","protected":false},"excerpt":{"rendered":"<p>budzanoa@uek.krakow.pl (+48) 12 293 57 31 (telefon do sekretariatu) Sprawd\u017a konsultacje Publikacje w bazie \u201eDorobek\u201d \u00bb ORCID \u00bb Absolwentka nauk politycznych na Wydziale Prawa i Administracji Uniwersytetu Jagiello\u0144skiego. W 2008 roku obroni\u0142a doktorat z zakresu doktryn politycznych i prawnych na Wydziale Studi\u00f3w Mi\u0119dzynarodowych i Politycznych Uniwersytetu Jagiello\u0144skiego.\u00a0 Od pocz\u0105tku kariery zawodowej pracowa\u0142a w instytucjach publicznych. W latach 2016-2021 zwi\u0105zana z Ministerstwem Nauki i Szkolnictwa Wy\u017cszego najpierw jako Dyrektor Generalny, a nast\u0119pnie jako wiceminister nauki i szkolnictwa wy\u017cszego. Odpowiada\u0142a za strategi\u0119 wdra\u017cania reformy 2.0 we wsp\u00f3\u0142pracy z uczelniami, organizacjami studenckimi i doktoranckimi. w Wsp\u00f3\u0142autorka Narodowego Kongresu Nauki 2016-2020, modelu szk\u00f3\u0142 doktorskich oraz inicjatywy Research University \u2013 Excellence Initiative. Obecnie odpowiada za sprawy europejskie i polityki publiczne w obszarze innowacyjno\u015bci i nowych technologii.\u00a0 Profile badawcze: doktryny polityczne i prawne, polityki publiczne, systemy polityczne.\u00a0 W zakresie doktryn prawnych i my\u015bli politycznej, w szczeg\u00f3lno\u015bci: tradycje ideologiczne francuskiej prawicy, historia kobiet, procesy sekularyzacyjne, ustrojowe konsekwencje Afery Dreyfusa i Francji Vichy.\u00a0 W zakresie kszta\u0142towania polityk publicznych: deliberacja, zmiany klimatyczne, zarz\u0105dzanie w szkolnictwie wy\u017cszym i nauce, instytucje akademickie, Uniwersytety Europejskie (EUI), rady uczelni i wolno\u015b\u0107 akademicka. W zakresie bada\u0144 nad systemem szkolnictwa wy\u017cszego jest afiliowanym badaczem w Katedrze bada\u0144 nad nauk\u0105 i szkolnictwem wy\u017cszym Uniwersytetu Miko\u0142aja Kopernika w Toruniu.\u00a0 Autorka ksi\u0105\u017cek z zakresu francuskiej my\u015bli politycznej oraz licznych artyku\u0142\u00f3w naukowych publikowanych w polskich i zagranicznych czasopismach naukowych.\u00a0 Cz\u0142onek Rady Polsko-Ameryka\u0144skiej Komisji Fulbrighta (2018-2021).\u00a0 Laureat nagrody Pro Juvenes Parlamentu Student\u00f3w Rzeczypospolitej Polskiej w kategorii \u2013 przyjaciel samorz\u0105dno\u015bci studenckiej.\u00a0 Champion EuroScience Open Forum\u00a0 (ESOF 2024). Pe\u0142nomocnik ds. Prezydenta Katowic ds. Europejskiego Miasta Nauki Katowice 2024\u00a0 Stypendystka rz\u0105du francuskiego\u00a0<\/p>\n","protected":false},"author":14,"featured_media":2112,"parent":0,"menu_order":0,"template":"elementor_header_footer","format":"standard","meta":[],"tags":[146],"kategoria-pracownicy":[109],"class_list":["post-1961","pracownicy","type-pracownicy","status-publish","format-standard","has-post-thumbnail","hentry","tag-adiunkt-pl","kategoria-pracownicy-pracownicy-pl"],"_links":{"self":[{"href":"https:\/\/ippa.uek.krakow.pl\/kpp\/wp-json\/wp\/v2\/pracownicy\/1961"}],"collection":[{"href":"https:\/\/ippa.uek.krakow.pl\/kpp\/wp-json\/wp\/v2\/pracownicy"}],"about":[{"href":"https:\/\/ippa.uek.krakow.pl\/kpp\/wp-json\/wp\/v2\/types\/pracownicy"}],"author":[{"embeddable":true,"href":"https:\/\/ippa.uek.krakow.pl\/kpp\/wp-json\/wp\/v2\/users\/14"}],"version-history":[{"count":25,"href":"https:\/\/ippa.uek.krakow.pl\/kpp\/wp-json\/wp\/v2\/pracownicy\/1961\/revisions"}],"predecessor-version":[{"id":3349,"href":"https:\/\/ippa.uek.krakow.pl\/kpp\/wp-json\/wp\/v2\/pracownicy\/1961\/revisions\/3349"}],"wp:featuredmedia":[{"embeddable":true,"href":"https:\/\/ippa.uek.krakow.pl\/kpp\/wp-json\/wp\/v2\/media\/2112"}],"wp:attachment":[{"href":"https:\/\/ippa.uek.krakow.pl\/kpp\/wp-json\/wp\/v2\/media?parent=1961"}],"wp:term":[{"taxonomy":"post_tag","embeddable":true,"href":"https:\/\/ippa.uek.krakow.pl\/kpp\/wp-json\/wp\/v2\/tags?post=1961"},{"taxonomy":"kategoria-pracownicy","embeddable":true,"href":"https:\/\/ippa.uek.krakow.pl\/kpp\/wp-json\/wp\/v2\/kategoria-pracownicy?post=1961"}],"curies":[{"name":"wp","href":"https:\/\/api.w.org\/{rel}","templated":true}]}}