
{"id":346,"date":"2023-02-20T00:01:15","date_gmt":"2023-02-19T23:01:15","guid":{"rendered":"https:\/\/ie.uek.krakow.pl\/ke\/?page_id=346"},"modified":"2025-02-05T12:54:12","modified_gmt":"2025-02-05T11:54:12","slug":"kola-naukowe","status":"publish","type":"page","link":"https:\/\/ippa.uek.krakow.pl\/kpp\/studenci\/kola-naukowe\/","title":{"rendered":"Ko\u0142o naukowe"},"content":{"rendered":"\t\t<div data-elementor-type=\"wp-page\" data-elementor-id=\"346\" class=\"elementor elementor-346\">\n\t\t\t\t\t\t<section data-particle_enable=\"false\" data-particle-mobile-disabled=\"false\" class=\"elementor-section elementor-top-section elementor-element elementor-element-22080c8 elementor-section-boxed elementor-section-height-default elementor-section-height-default\" data-id=\"22080c8\" data-element_type=\"section\" data-settings=\"{&quot;jet_parallax_layout_list&quot;:[]}\">\n\t\t\t\t\t\t<div class=\"elementor-container elementor-column-gap-default\">\n\t\t\t\t\t<div class=\"elementor-column elementor-col-33 elementor-top-column elementor-element elementor-element-c20decf\" data-id=\"c20decf\" data-element_type=\"column\">\n\t\t\t<div class=\"elementor-widget-wrap elementor-element-populated\">\n\t\t\t\t\t\t<div class=\"elementor-element elementor-element-9764738 elementor-widget elementor-widget-image\" data-id=\"9764738\" data-element_type=\"widget\" data-widget_type=\"image.default\">\n\t\t\t\t<div class=\"elementor-widget-container\">\n\t\t\t\t\t\t\t\t\t\t\t\t\t<img decoding=\"async\" width=\"104\" height=\"116\" src=\"https:\/\/ippa.uek.krakow.pl\/kpp\/wp-content\/uploads\/sites\/4\/2023\/05\/KN-GAP_logo.png\" class=\"attachment-full size-full wp-image-1693\" alt=\"\" \/>\t\t\t\t\t\t\t\t\t\t\t\t\t<\/div>\n\t\t\t\t<\/div>\n\t\t\t\t\t<\/div>\n\t\t<\/div>\n\t\t\t\t<div class=\"elementor-column elementor-col-66 elementor-top-column elementor-element elementor-element-101f182\" data-id=\"101f182\" data-element_type=\"column\">\n\t\t\t<div class=\"elementor-widget-wrap elementor-element-populated\">\n\t\t\t\t\t\t<div class=\"elementor-element elementor-element-8723dd5 elementor-widget elementor-widget-heading\" data-id=\"8723dd5\" data-element_type=\"widget\" data-widget_type=\"heading.default\">\n\t\t\t\t<div class=\"elementor-widget-container\">\n\t\t\t<h2 class=\"elementor-heading-title elementor-size-default\">Ko\u0142o Naukowe Gospodarki i Administracji Publicznej<\/h2>\t\t<\/div>\n\t\t\t\t<\/div>\n\t\t\t\t<div class=\"elementor-element elementor-element-ff81b7c elementor-widget elementor-widget-text-editor\" data-id=\"ff81b7c\" data-element_type=\"widget\" data-widget_type=\"text-editor.default\">\n\t\t\t\t<div class=\"elementor-widget-container\">\n\t\t\t\t\t\t\t<p>Ko\u0142o Naukowe Gospodarki i Administracji Publicznej wznowi\u0142o swoj\u0105 dzia\u0142alno\u015b\u0107 <strong>w styczniu 2023 roku,<\/strong>\u00a0po d\u0142u\u017cszej przerwie spowodowanej pandemi\u0105. Zesp\u00f3\u0142 Ko\u0142a sk\u0142ada si\u0119 z Zarz\u0105du Ko\u0142a, aktywnych uczestnik\u00f3w oraz Opiekuna. W sk\u0142ad Zarz\u0105du wchodzi tr\u00f3jka student\u00f3w:<\/p><ul><li><b data-olk-copy-source=\"MessageBody\">Natalia Valdes-Niemiec<\/b>\u00a0\u2013 Prezes<\/li><li><b>Kamila Korba\u015b<\/b>\u00a0\u2013 Wiceprezes ds. finans\u00f3w<\/li><li><b>Monika Pierwo\u0142a<\/b>\u00a0\u2013 Cz\u0142onek zarz\u0105du ds. Public Relations<\/li><li><b>Wiktoria Ja\u0142mu\u017cna<\/b>\u00a0\u2013 Cz\u0142onek zarz\u0105du ds. Organizacji<\/li><li><b>Krzysztof Rajzer<\/b>\u00a0\u2013 Cz\u0142onek zarz\u0105du ds. Relacji<\/li><li>\u00a0<\/li><\/ul><p>Funkcj\u0119 opiekuna Ko\u0142a pe\u0142ni Pan mgr Micha\u0142 Kr\u00f3l.<\/p><p>Ko\u0142o Naukowe GAP pozwala na interdyscyplinarny rozw\u00f3j naukowy swoim podopiecznym. W ci\u0105gu 5 miesi\u0119cy po reaktywacji, cz\u0142onkowie KN GAP wyst\u0105pili na tegorocznej konferencji naukowej CMQ 2023, lidze debat oksfordzkich oraz na Sympozjum \u00a0Naukowym \u201eWsp\u00f3\u0142czesna Gospodarka i Administracja Publiczna\u201d, w ramach kt\u00f3rego przygotowali film zatytu\u0142owany &#8222;Studenci jako konsumenci&#8221;.<\/p><p>Cz\u0142onkowie Ko\u0142a brali r\u00f3wnie\u017c czynny udzia\u0142 w jednym z paneli podczas 54. Sympozjum GAP zatytu\u0142owanego &#8222;Nie olewamy pa\u0144stwa&#8221;.<\/p><p>Ko\u0142o wsp\u00f3\u0142pracuje z Fundacj\u0105 GAP oraz ch\u0119tnie bierze udzia\u0142 w \u00a0szkoleniach, a tym samym mocno anga\u017cuje si\u0119 w \u017cycie, dumnie reprezentuj\u0105c m\u0142ody zesp\u00f3\u0142.<\/p><p>Zapraszamy do \u015bledzenia profilu na Facebooku &#8211; <a href=\"https:\/\/www.facebook.com\/kngap\" target=\"_blank\" rel=\"noopener\">KN GAP<\/a>\u00a0 oraz strony www.\u00a0<\/p>\t\t\t\t\t\t<\/div>\n\t\t\t\t<\/div>\n\t\t\t\t<div class=\"elementor-element elementor-element-30626b33 elementor-align-right elementor-button-info elementor-widget elementor-widget-button\" data-id=\"30626b33\" data-element_type=\"widget\" data-widget_type=\"button.default\">\n\t\t\t\t<div class=\"elementor-widget-container\">\n\t\t\t\t\t<div class=\"elementor-button-wrapper\">\n\t\t\t<a class=\"elementor-button elementor-button-link elementor-size-sm\" href=\"https:\/\/organizacje.uek.krakow.pl\/organisation\/21\" target=\"_blank\">\n\t\t\t\t\t\t<span class=\"elementor-button-content-wrapper\">\n\t\t\t\t\t\t\t\t\t<span class=\"elementor-button-text\">strona ko\u0142a<\/span>\n\t\t\t\t\t<\/span>\n\t\t\t\t\t<\/a>\n\t\t<\/div>\n\t\t\t\t<\/div>\n\t\t\t\t<\/div>\n\t\t\t\t\t<\/div>\n\t\t<\/div>\n\t\t\t\t\t<\/div>\n\t\t<\/section>\n\t\t\t\t<\/div>\n\t\t","protected":false},"excerpt":{"rendered":"<p>Ko\u0142o Naukowe Gospodarki i Administracji Publicznej Ko\u0142o Naukowe Gospodarki i Administracji Publicznej wznowi\u0142o swoj\u0105 dzia\u0142alno\u015b\u0107 w styczniu 2023 roku,\u00a0po d\u0142u\u017cszej przerwie spowodowanej pandemi\u0105. Zesp\u00f3\u0142 Ko\u0142a sk\u0142ada si\u0119 z Zarz\u0105du Ko\u0142a, aktywnych uczestnik\u00f3w oraz Opiekuna. W sk\u0142ad Zarz\u0105du wchodzi tr\u00f3jka student\u00f3w: Natalia Valdes-Niemiec\u00a0\u2013 Prezes Kamila Korba\u015b\u00a0\u2013 Wiceprezes ds. finans\u00f3w Monika Pierwo\u0142a\u00a0\u2013 Cz\u0142onek zarz\u0105du ds. Public Relations Wiktoria Ja\u0142mu\u017cna\u00a0\u2013 Cz\u0142onek zarz\u0105du ds. Organizacji Krzysztof Rajzer\u00a0\u2013 Cz\u0142onek zarz\u0105du ds. Relacji \u00a0 Funkcj\u0119 opiekuna Ko\u0142a pe\u0142ni Pan mgr Micha\u0142 Kr\u00f3l. Ko\u0142o Naukowe GAP pozwala na interdyscyplinarny rozw\u00f3j naukowy swoim podopiecznym. W ci\u0105gu 5 miesi\u0119cy po reaktywacji, cz\u0142onkowie KN GAP wyst\u0105pili na tegorocznej konferencji naukowej CMQ 2023, lidze debat oksfordzkich oraz na Sympozjum \u00a0Naukowym \u201eWsp\u00f3\u0142czesna Gospodarka i Administracja Publiczna\u201d, w ramach kt\u00f3rego przygotowali film zatytu\u0142owany &#8222;Studenci jako konsumenci&#8221;. Cz\u0142onkowie Ko\u0142a brali r\u00f3wnie\u017c czynny udzia\u0142 w jednym z paneli podczas 54. Sympozjum GAP zatytu\u0142owanego &#8222;Nie olewamy pa\u0144stwa&#8221;. Ko\u0142o wsp\u00f3\u0142pracuje z Fundacj\u0105 GAP oraz ch\u0119tnie bierze udzia\u0142 w \u00a0szkoleniach, a tym samym mocno anga\u017cuje si\u0119 w \u017cycie, dumnie reprezentuj\u0105c m\u0142ody zesp\u00f3\u0142. Zapraszamy do \u015bledzenia profilu na Facebooku &#8211; KN GAP\u00a0 oraz strony www.\u00a0 strona ko\u0142a<\/p>\n","protected":false},"author":1,"featured_media":0,"parent":336,"menu_order":0,"comment_status":"closed","ping_status":"closed","template":"elementor_header_footer","meta":{"footnotes":""},"class_list":["post-346","page","type-page","status-publish","hentry"],"_links":{"self":[{"href":"https:\/\/ippa.uek.krakow.pl\/kpp\/wp-json\/wp\/v2\/pages\/346"}],"collection":[{"href":"https:\/\/ippa.uek.krakow.pl\/kpp\/wp-json\/wp\/v2\/pages"}],"about":[{"href":"https:\/\/ippa.uek.krakow.pl\/kpp\/wp-json\/wp\/v2\/types\/page"}],"author":[{"embeddable":true,"href":"https:\/\/ippa.uek.krakow.pl\/kpp\/wp-json\/wp\/v2\/users\/1"}],"replies":[{"embeddable":true,"href":"https:\/\/ippa.uek.krakow.pl\/kpp\/wp-json\/wp\/v2\/comments?post=346"}],"version-history":[{"count":34,"href":"https:\/\/ippa.uek.krakow.pl\/kpp\/wp-json\/wp\/v2\/pages\/346\/revisions"}],"predecessor-version":[{"id":3165,"href":"https:\/\/ippa.uek.krakow.pl\/kpp\/wp-json\/wp\/v2\/pages\/346\/revisions\/3165"}],"up":[{"embeddable":true,"href":"https:\/\/ippa.uek.krakow.pl\/kpp\/wp-json\/wp\/v2\/pages\/336"}],"wp:attachment":[{"href":"https:\/\/ippa.uek.krakow.pl\/kpp\/wp-json\/wp\/v2\/media?parent=346"}],"curies":[{"name":"wp","href":"https:\/\/api.w.org\/{rel}","templated":true}]}}