
{"id":2444,"date":"2023-08-11T14:54:04","date_gmt":"2023-08-11T12:54:04","guid":{"rendered":"https:\/\/ippa.uek.krakow.pl\/kpp\/?page_id=2444"},"modified":"2026-03-02T13:45:46","modified_gmt":"2026-03-02T12:45:46","slug":"projekty-naukowe","status":"publish","type":"page","link":"https:\/\/ippa.uek.krakow.pl\/kpp\/konferencje\/projekty-naukowe\/","title":{"rendered":"PROJEKTY NAUKOWE"},"content":{"rendered":"\t\t<div data-elementor-type=\"wp-page\" data-elementor-id=\"2444\" class=\"elementor elementor-2444\">\n\t\t\t\t\t\t<section data-particle_enable=\"false\" data-particle-mobile-disabled=\"false\" class=\"elementor-section elementor-top-section elementor-element elementor-element-754c590 elementor-section-boxed elementor-section-height-default elementor-section-height-default\" data-id=\"754c590\" data-element_type=\"section\" data-settings=\"{&quot;jet_parallax_layout_list&quot;:[]}\">\n\t\t\t\t\t\t<div class=\"elementor-container elementor-column-gap-default\">\n\t\t\t\t\t<div class=\"elementor-column elementor-col-100 elementor-top-column elementor-element elementor-element-4eb46fc\" data-id=\"4eb46fc\" data-element_type=\"column\">\n\t\t\t<div class=\"elementor-widget-wrap elementor-element-populated\">\n\t\t\t\t\t\t<div class=\"elementor-element elementor-element-9dae8a2 elementor-widget elementor-widget-text-editor\" data-id=\"9dae8a2\" data-element_type=\"widget\" data-widget_type=\"text-editor.default\">\n\t\t\t\t<div class=\"elementor-widget-container\">\n\t\t\t\t\t\t\t<p><strong>\u201eEkonomia polityczna proces\u00f3w bud\u017cetowych w Polsce &#8211; aspekty strukturalne, instytucjonalne i relacyjne\u201d finansowane w ramach grantu Doskona\u0142o\u015b\u0107 Badawcza<\/strong><\/p>\n<p><span style=\"text-decoration: underline\">Kierownik projektu<\/span>: dr Micha\u0142 Mo\u017cd\u017ce\u0144<\/p>\n<p><span style=\"text-decoration: underline\">Wykonawcy<\/span>: dr hab. Andrzej Kozina prof. UEK, dr Micha\u0142 Mo\u017cd\u017ce\u0144<\/p>\n<p><span style=\"text-decoration: underline\">Czas trwania<\/span>: 05.2021 &#8211;&nbsp; &nbsp; &nbsp; &nbsp; &nbsp; &nbsp; &nbsp; &nbsp; &nbsp; &nbsp; &nbsp;<\/p>\n<p><span style=\"text-decoration: underline\">Bud\u017cet<\/span>: 57 555,00 z\u0142&nbsp;<\/p>\n<p><\/p>\n<p><strong>&#8222;Dzia\u0142ania konsumenckie jako czynnik intensyfikuj\u0105cy rozw\u00f3j gospodarki cyrkularnej&#8221; finansowany w ramach OPUS 23, panel: HS4<\/strong><\/p>\n<p><span style=\"text-decoration: underline\">Kierownik projektu<\/span>: dr hab. in\u017c. Magdalena Wojnarowska, prof. UEK<\/p>\n<p><span style=\"text-decoration: underline\">Wykonawcy<\/span>: dr hab. in\u017c. Magdalena Wojnarowska, prof. UEK, prof. dr hab. Janina Filek, dr hab. Mariusz So\u0142tysik, prof. UEK, <strong>dr Maciej Fr\u0105czek, <\/strong>Anna Stanis\u0142awska-Mischke, Szymon Jarosz<\/p>\n<p><span style=\"text-decoration: underline\">Czas trwania<\/span>: 01.2022-12.2025&nbsp;<\/p>\n<p><span style=\"text-decoration: underline\">Bud\u017cet<\/span>: 518 000,00 z\u0142&nbsp;<\/p>\n<p><\/p>\n<p><strong>&#8222;Czynniki i bariery rozwoju nowoczesnej gospodarki w Polsce&#8221; finansowane z grantu POTRNCJA\u0141<\/strong><\/p>\n<p><span style=\"text-decoration: underline\">Kierownik projektu<\/span>: dr Bart\u0142omiej Biga<\/p>\n<p><span style=\"text-decoration: underline\">Wykonawcy<\/span>: dr hab. Marcin Zawicki, prof. UEK, dr Tomasz Geodecki, mgr Micha\u0142 Kr\u00f3l<\/p>\n<p><span style=\"text-decoration: underline\">Czas trwania<\/span>: 07.2022-01.2024<\/p>\n<p><span style=\"text-decoration: underline\">Bud\u017cet<\/span>: 35 000, 00 z\u0142<\/p>\n<p><\/p>\n<p><strong>&#8222;UEK Dost\u0119pny dla wszystkich&#8221;&nbsp; wsp\u00f3\u0142finansowany przez Uni\u0119 Europejsk\u0105 w ramach Europejskiego Funduszu Spo\u0142ecznego, realizowany w ramach Programu Operacyjnego Wiedza Edukacja Rozw\u00f3j<\/strong><\/p>\n<p>Kierownik projektu: dr Monika Sady<\/p>\n<p>Wykonawcy: dr Monika Sady, dr Wioleta Ga\u0142at, mgr Magdalena Nalepa Rybarska, <strong>mgr Agnieszka Bogunia<\/strong>, Zesp\u00f3\u0142 BON, Zesp\u00f3\u0142 ds. Dost\u0119pno\u015bci, eksperci, wybrane jednostki UEK<\/p>\n<p>Czas trwania: 1.10.2020 \u2013 31.10.2023<\/p>\n<p>Bud\u017cet: 4 383 029, 50 z\u0142<\/p>\n<p><\/p>\n<p><strong>\u201ePrzyw\u00f3dztwo w miastach dotkni\u0119tych zjawiskiem defunkcjonalizacji<\/strong>\u201d <strong>finansowanym w ramach grantu NCN <\/strong><\/p>\n<p><span style=\"text-decoration: underline\">Kierownik projektu<\/span>: dr hab. Stanis\u0142aw Mazur, prof. UEK<\/p>\n<p><span style=\"text-decoration: underline\">Wykonawcy<\/span>: mgr Katarzyna Baran, dr Jaros\u0142aw Bober, dr Micha\u0142 \u017babi\u0144ski<\/p>\n<p><span style=\"text-decoration: underline\">Czas trwania<\/span>:&nbsp; 24.06.2019 \u2013 23.04.2023<\/p>\n<p><span style=\"text-decoration: underline\">Bud\u017cet<\/span>: 268 000,00&nbsp; z\u0142<\/p>\n<p><\/p>\n<p><strong>\u201eDeliberacja jako integralny mechanizm kszta\u0142towania polityk publicznych\u201d finansowanym w ramach grantu NCN <\/strong><\/p>\n<p><span style=\"text-decoration: underline\">Kierownik projektu<\/span>: dr hab. Stanis\u0142aw Mazur, prof. UEK<\/p>\n<p><span style=\"text-decoration: underline\">Wykonawcy<\/span>: dr Anna Budzanowska, mgr Katarzyna Baran, mgr Anna Chrab\u0105szcz, mgr Maria Wirchnia\u0144ska<\/p>\n<p><span style=\"text-decoration: underline\">Czas trwania<\/span>: 12.01.2022 \u2013 12.12.2023<\/p>\n<p><span style=\"text-decoration: underline\">Bud\u017cet<\/span>: 323&nbsp;094,00 z\u0142<\/p>\n<p><\/p>\n<p><strong>&#8222;Spo\u0142eczno-gospodarcze konsekwencje czwartej rewolucji przemys\u0142owej (problem w\u0119z\u0142owy: Mechanizmy zarz\u0105dzania dzia\u0142aniami zbiorowymi)&#8221;&nbsp; finansowane w ramach Programu Ministra Edukacji i Nauki &#8222;Regionalna Inicjatywa Doskona\u0142o\u015bci&#8221;<\/strong><\/p>\n<p><span style=\"text-decoration: underline\">Kierownik projektu<\/span>: dr hab. Stanis\u0142aw Mazur, prof. UEK, kierownik problemu w\u0119z\u0142owego: dr Micha\u0142 Mo\u017cd\u017ce\u0144<\/p>\n<p><span style=\"text-decoration: underline\">Wykonawcy<\/span>: problem w\u0119z\u0142owy: <strong>dr Micha\u0142 Mo\u017cd\u017ce\u0144, <\/strong><strong>dr hab. Andrzej Kozina, prof. UEK, <\/strong><strong>dr hab. Marcin Zawicki, prof. UEK, <\/strong><strong>dr Bart\u0142omiej Biga, <\/strong><strong>dr Maciej Fr\u0105czek, <\/strong><strong>dr Tomasz Geodecki, <\/strong>dr Marcin K\u0119dzierski, dr Micha\u0142 \u017babi\u0144ski, mgr Marek Oramus<\/p>\n<p><span style=\"text-decoration: underline\">Czas trwania<\/span>: 01.2019-12.2022<\/p>\n<p><span style=\"text-decoration: underline\">Bud\u017cet<\/span>: projekt: 11,9 mln z\u0142, problem w\u0119z\u0142owy: 900 tys. z\u0142<\/p>\n<p><\/p>\t\t\t\t\t\t<\/div>\n\t\t\t\t<\/div>\n\t\t\t\t\t<\/div>\n\t\t<\/div>\n\t\t\t\t\t<\/div>\n\t\t<\/section>\n\t\t\t\t<\/div>\n\t\t","protected":false},"excerpt":{"rendered":"<p>\u201eEkonomia polityczna proces\u00f3w bud\u017cetowych w Polsce &#8211; aspekty strukturalne, instytucjonalne i relacyjne\u201d finansowane w ramach grantu Doskona\u0142o\u015b\u0107 Badawcza Kierownik projektu: dr Micha\u0142 Mo\u017cd\u017ce\u0144 Wykonawcy: dr hab. Andrzej Kozina prof. UEK, dr Micha\u0142 Mo\u017cd\u017ce\u0144 Czas trwania: 05.2021 &#8211;&nbsp; &nbsp; &nbsp; &nbsp; &nbsp; &nbsp; &nbsp; &nbsp; &nbsp; &nbsp; &nbsp; Bud\u017cet: 57 555,00 z\u0142&nbsp; &#8222;Dzia\u0142ania konsumenckie jako czynnik intensyfikuj\u0105cy rozw\u00f3j gospodarki cyrkularnej&#8221; finansowany w ramach OPUS 23, panel: HS4 Kierownik projektu: dr hab. in\u017c. Magdalena Wojnarowska, prof. UEK Wykonawcy: dr hab. in\u017c. Magdalena Wojnarowska, prof. UEK, prof. dr hab. Janina Filek, dr hab. Mariusz So\u0142tysik, prof. UEK, dr Maciej Fr\u0105czek, Anna Stanis\u0142awska-Mischke, Szymon Jarosz Czas trwania: 01.2022-12.2025&nbsp; Bud\u017cet: 518 000,00 z\u0142&nbsp; &#8222;Czynniki i bariery rozwoju nowoczesnej gospodarki w Polsce&#8221; finansowane z grantu POTRNCJA\u0141 Kierownik projektu: dr Bart\u0142omiej Biga Wykonawcy: dr hab. Marcin Zawicki, prof. UEK, dr Tomasz Geodecki, mgr Micha\u0142 Kr\u00f3l Czas trwania: 07.2022-01.2024 Bud\u017cet: 35 000, 00 z\u0142 &#8222;UEK Dost\u0119pny dla wszystkich&#8221;&nbsp; wsp\u00f3\u0142finansowany przez Uni\u0119 Europejsk\u0105 w ramach Europejskiego Funduszu Spo\u0142ecznego, realizowany w ramach Programu Operacyjnego Wiedza Edukacja Rozw\u00f3j Kierownik projektu: dr Monika Sady Wykonawcy: dr Monika Sady, dr Wioleta Ga\u0142at, mgr Magdalena Nalepa Rybarska, mgr Agnieszka Bogunia, Zesp\u00f3\u0142 BON, Zesp\u00f3\u0142 ds. Dost\u0119pno\u015bci, eksperci, wybrane jednostki UEK Czas trwania: 1.10.2020 \u2013 31.10.2023 Bud\u017cet: 4 383 029, 50 z\u0142 \u201ePrzyw\u00f3dztwo w miastach dotkni\u0119tych zjawiskiem defunkcjonalizacji\u201d finansowanym w ramach grantu NCN Kierownik projektu: dr hab. Stanis\u0142aw Mazur, prof. UEK Wykonawcy: mgr Katarzyna Baran, dr Jaros\u0142aw Bober, dr Micha\u0142 \u017babi\u0144ski Czas trwania:&nbsp; 24.06.2019 \u2013 23.04.2023 Bud\u017cet: 268 000,00&nbsp; z\u0142 \u201eDeliberacja jako integralny mechanizm kszta\u0142towania polityk publicznych\u201d finansowanym w ramach grantu NCN Kierownik projektu: dr hab. Stanis\u0142aw Mazur, prof. UEK Wykonawcy: dr Anna Budzanowska, mgr Katarzyna Baran, mgr Anna Chrab\u0105szcz, mgr Maria Wirchnia\u0144ska Czas trwania: 12.01.2022 \u2013 12.12.2023 Bud\u017cet: 323&nbsp;094,00 z\u0142 &#8222;Spo\u0142eczno-gospodarcze konsekwencje czwartej rewolucji przemys\u0142owej (problem w\u0119z\u0142owy: Mechanizmy zarz\u0105dzania dzia\u0142aniami zbiorowymi)&#8221;&nbsp; finansowane w ramach Programu Ministra Edukacji i Nauki &#8222;Regionalna Inicjatywa Doskona\u0142o\u015bci&#8221; Kierownik projektu: dr hab. Stanis\u0142aw Mazur, prof. UEK, kierownik problemu w\u0119z\u0142owego: dr Micha\u0142 Mo\u017cd\u017ce\u0144 Wykonawcy: problem w\u0119z\u0142owy: dr Micha\u0142 Mo\u017cd\u017ce\u0144, dr hab. Andrzej Kozina, prof. UEK, dr hab. Marcin Zawicki, prof. UEK, dr Bart\u0142omiej Biga, dr Maciej Fr\u0105czek, dr Tomasz Geodecki, dr Marcin K\u0119dzierski, dr Micha\u0142 \u017babi\u0144ski, mgr Marek Oramus Czas trwania: 01.2019-12.2022 Bud\u017cet: projekt: 11,9 mln z\u0142, problem w\u0119z\u0142owy: 900 tys. z\u0142<\/p>\n","protected":false},"author":14,"featured_media":0,"parent":313,"menu_order":0,"comment_status":"closed","ping_status":"closed","template":"elementor_header_footer","meta":{"footnotes":""},"class_list":["post-2444","page","type-page","status-publish","hentry"],"_links":{"self":[{"href":"https:\/\/ippa.uek.krakow.pl\/kpp\/wp-json\/wp\/v2\/pages\/2444"}],"collection":[{"href":"https:\/\/ippa.uek.krakow.pl\/kpp\/wp-json\/wp\/v2\/pages"}],"about":[{"href":"https:\/\/ippa.uek.krakow.pl\/kpp\/wp-json\/wp\/v2\/types\/page"}],"author":[{"embeddable":true,"href":"https:\/\/ippa.uek.krakow.pl\/kpp\/wp-json\/wp\/v2\/users\/14"}],"replies":[{"embeddable":true,"href":"https:\/\/ippa.uek.krakow.pl\/kpp\/wp-json\/wp\/v2\/comments?post=2444"}],"version-history":[{"count":31,"href":"https:\/\/ippa.uek.krakow.pl\/kpp\/wp-json\/wp\/v2\/pages\/2444\/revisions"}],"predecessor-version":[{"id":3607,"href":"https:\/\/ippa.uek.krakow.pl\/kpp\/wp-json\/wp\/v2\/pages\/2444\/revisions\/3607"}],"up":[{"embeddable":true,"href":"https:\/\/ippa.uek.krakow.pl\/kpp\/wp-json\/wp\/v2\/pages\/313"}],"wp:attachment":[{"href":"https:\/\/ippa.uek.krakow.pl\/kpp\/wp-json\/wp\/v2\/media?parent=2444"}],"curies":[{"name":"wp","href":"https:\/\/api.w.org\/{rel}","templated":true}]}}