
{"id":2217,"date":"2023-07-11T10:27:46","date_gmt":"2023-07-11T08:27:46","guid":{"rendered":"https:\/\/ippa.uek.krakow.pl\/kpp\/?page_id=2217"},"modified":"2024-03-19T15:20:58","modified_gmt":"2024-03-19T14:20:58","slug":"my-w-mediach","status":"publish","type":"page","link":"https:\/\/ippa.uek.krakow.pl\/kpp\/my-w-mediach\/","title":{"rendered":"MY W MEDIACH"},"content":{"rendered":"\t\t<div data-elementor-type=\"wp-page\" data-elementor-id=\"2217\" class=\"elementor elementor-2217\">\n\t\t\t\t\t\t<section data-particle_enable=\"false\" data-particle-mobile-disabled=\"false\" class=\"elementor-section elementor-top-section elementor-element elementor-element-ac233e4 elementor-section-boxed elementor-section-height-default elementor-section-height-default\" data-id=\"ac233e4\" data-element_type=\"section\" data-settings=\"{&quot;jet_parallax_layout_list&quot;:[]}\">\n\t\t\t\t\t\t<div class=\"elementor-container elementor-column-gap-default\">\n\t\t\t\t\t<div class=\"elementor-column elementor-col-100 elementor-top-column elementor-element elementor-element-1e2d585\" data-id=\"1e2d585\" data-element_type=\"column\">\n\t\t\t<div class=\"elementor-widget-wrap elementor-element-populated\">\n\t\t\t\t\t\t<div class=\"elementor-element elementor-element-5958c79 elementor-view-default elementor-position-top elementor-mobile-position-top elementor-widget elementor-widget-icon-box\" data-id=\"5958c79\" data-element_type=\"widget\" data-widget_type=\"icon-box.default\">\n\t\t\t\t<div class=\"elementor-widget-container\">\n\t\t\t\t\t<div class=\"elementor-icon-box-wrapper\">\n\n\t\t\t\t\t\t<div class=\"elementor-icon-box-icon\">\n\t\t\t\t<a href=\"https:\/\/ippa.uek.krakow.pl\/kpp\/o-katedrze\/radio-krakow\/\" class=\"elementor-icon elementor-animation-\" tabindex=\"-1\">\n\t\t\t\t<i aria-hidden=\"true\" class=\"fab fa-audible\"><\/i>\t\t\t\t<\/a>\n\t\t\t<\/div>\n\t\t\t\n\t\t\t\t\t\t<div class=\"elementor-icon-box-content\">\n\n\t\t\t\t\t\t\t\t\t<h3 class=\"elementor-icon-box-title\">\n\t\t\t\t\t\t<a href=\"https:\/\/ippa.uek.krakow.pl\/kpp\/o-katedrze\/radio-krakow\/\" >\n\t\t\t\t\t\t\tRadio Krak\u00f3w\t\t\t\t\t\t<\/a>\n\t\t\t\t\t<\/h3>\n\t\t\t\t\n\t\t\t\t\t\t\t\t\t<p class=\"elementor-icon-box-description\">\n\t\t\t\t\t\tAudycja \"O tym si\u0119 m\u00f3wi\"\t\t\t\t\t<\/p>\n\t\t\t\t\n\t\t\t<\/div>\n\t\t\t\n\t\t<\/div>\n\t\t\t\t<\/div>\n\t\t\t\t<\/div>\n\t\t\t\t\t<\/div>\n\t\t<\/div>\n\t\t\t\t\t<\/div>\n\t\t<\/section>\n\t\t\t\t<section data-particle_enable=\"false\" data-particle-mobile-disabled=\"false\" class=\"elementor-section elementor-top-section elementor-element elementor-element-4e01d49 elementor-section-boxed elementor-section-height-default elementor-section-height-default\" data-id=\"4e01d49\" data-element_type=\"section\" data-settings=\"{&quot;jet_parallax_layout_list&quot;:[]}\">\n\t\t\t\t\t\t<div class=\"elementor-container elementor-column-gap-default\">\n\t\t\t\t\t<div class=\"elementor-column elementor-col-100 elementor-top-column elementor-element elementor-element-12bcd6e\" data-id=\"12bcd6e\" data-element_type=\"column\">\n\t\t\t<div class=\"elementor-widget-wrap elementor-element-populated\">\n\t\t\t\t\t\t<div class=\"elementor-element elementor-element-94dfcd2 elementor-widget elementor-widget-text-editor\" data-id=\"94dfcd2\" data-element_type=\"widget\" data-widget_type=\"text-editor.default\">\n\t\t\t\t<div class=\"elementor-widget-container\">\n\t\t\t\t\t\t\t<ol><li>2.11.2023 r. &#8211; dr Bart\u0142omiej Biga, udzia\u0142 w wywiadzie w Radiu Krak\u00f3w, wi\u0119cej szczeg\u00f3\u0142\u00f3w znajduje si\u0119 <a href=\"https:\/\/www.radiokrakow.pl\/audycje\/bartlomiej-biga-o-stanie-finansow-publicznych-i-spadajacej\/\" target=\"_blank\" rel=\"noopener\">tutaj<\/a>.\u00a0<\/li><li>27.10.2023 r. &#8211; dr Micha\u0142 Mo\u017cd\u017ce\u0144, udzia\u0142 w wywiadzie, wi\u0119cej szczeg\u00f3\u0142\u00f3w znajduje si\u0119 <a href=\"https:\/\/www.money.pl\/gospodarka\/to-tu-tusk-powinien-szukac-pieniedzy-ekonomisci-ujawniaja-sposoby-6956795344599552a.html\" target=\"_blank\" rel=\"noopener\">tutaj<\/a>.\u00a0<\/li><li>26.10. 2023 r. &#8211; Rektor UEK dr hab. Stanis\u0142aw Mazur, prof. UEK, wi\u0119cej szczeg\u00f3\u0142\u00f3w znajduje si\u0119 <a href=\"https:\/\/www.rp.pl\/biznes\/art39326921-potrzebujemy-paktu-miedzy-rzadem-a-uniwersytetami\" target=\"_blank\" rel=\"noopener\">tutaj<\/a>.<\/li><li>24.10.2023 r. &#8211; dr Micha\u0142 Mo\u017cd\u017ce\u0144: udzia\u0142 w wywiadzie, wi\u0119cej szczeg\u00f3\u0142\u00f3w znajduje si\u0119 <a href=\"https:\/\/www.tvp.info\/73626587\/ekonomista-rozprawia-sie-z-propaganda-po-i-tvn-ws-budzetu\" target=\"_blank\" rel=\"noopener\">tutaj<\/a>.\u00a0<\/li><li>6.09.2023 r. &#8211; dr Bart\u0142omiej Biga, udzia\u0142 w wywiadzie w Radiu Krak\u00f3w, wi\u0119cej szczeg\u00f3\u0142\u00f3w znajduje si\u0119 <a href=\"https:\/\/www.radiokrakow.pl\/audycje\/dr-bartlomiej-biga-o-czynnikach-proinflacyjnych-stopach-procentowych-i-patriotyzmie-gospodarczym\/\" target=\"_blank\" rel=\"noopener\">tutaj<\/a>.\u00a0<\/li><\/ol>\t\t\t\t\t\t<\/div>\n\t\t\t\t<\/div>\n\t\t\t\t\t<\/div>\n\t\t<\/div>\n\t\t\t\t\t<\/div>\n\t\t<\/section>\n\t\t\t\t<section data-particle_enable=\"false\" data-particle-mobile-disabled=\"false\" class=\"elementor-section elementor-top-section elementor-element elementor-element-f19b8cf elementor-section-boxed elementor-section-height-default elementor-section-height-default\" data-id=\"f19b8cf\" data-element_type=\"section\" data-settings=\"{&quot;jet_parallax_layout_list&quot;:[]}\">\n\t\t\t\t\t\t<div class=\"elementor-container elementor-column-gap-default\">\n\t\t\t\t\t<div class=\"elementor-column elementor-col-100 elementor-top-column elementor-element elementor-element-96020f4\" data-id=\"96020f4\" data-element_type=\"column\">\n\t\t\t<div class=\"elementor-widget-wrap\">\n\t\t\t\t\t\t\t<\/div>\n\t\t<\/div>\n\t\t\t\t\t<\/div>\n\t\t<\/section>\n\t\t\t\t<\/div>\n\t\t","protected":false},"excerpt":{"rendered":"<p>Radio Krak\u00f3w Audycja &#8222;O tym si\u0119 m\u00f3wi&#8221; 2.11.2023 r. &#8211; dr Bart\u0142omiej Biga, udzia\u0142 w wywiadzie w Radiu Krak\u00f3w, wi\u0119cej szczeg\u00f3\u0142\u00f3w znajduje si\u0119 tutaj.\u00a0 27.10.2023 r. &#8211; dr Micha\u0142 Mo\u017cd\u017ce\u0144, udzia\u0142 w wywiadzie, wi\u0119cej szczeg\u00f3\u0142\u00f3w znajduje si\u0119 tutaj.\u00a0 26.10. 2023 r. &#8211; Rektor UEK dr hab. Stanis\u0142aw Mazur, prof. UEK, wi\u0119cej szczeg\u00f3\u0142\u00f3w znajduje si\u0119 tutaj. 24.10.2023 r. &#8211; dr Micha\u0142 Mo\u017cd\u017ce\u0144: udzia\u0142 w wywiadzie, wi\u0119cej szczeg\u00f3\u0142\u00f3w znajduje si\u0119 tutaj.\u00a0 6.09.2023 r. &#8211; dr Bart\u0142omiej Biga, udzia\u0142 w wywiadzie w Radiu Krak\u00f3w, wi\u0119cej szczeg\u00f3\u0142\u00f3w znajduje si\u0119 tutaj.\u00a0<\/p>\n","protected":false},"author":14,"featured_media":0,"parent":0,"menu_order":0,"comment_status":"closed","ping_status":"closed","template":"elementor_header_footer","meta":{"footnotes":""},"class_list":["post-2217","page","type-page","status-publish","hentry"],"_links":{"self":[{"href":"https:\/\/ippa.uek.krakow.pl\/kpp\/wp-json\/wp\/v2\/pages\/2217"}],"collection":[{"href":"https:\/\/ippa.uek.krakow.pl\/kpp\/wp-json\/wp\/v2\/pages"}],"about":[{"href":"https:\/\/ippa.uek.krakow.pl\/kpp\/wp-json\/wp\/v2\/types\/page"}],"author":[{"embeddable":true,"href":"https:\/\/ippa.uek.krakow.pl\/kpp\/wp-json\/wp\/v2\/users\/14"}],"replies":[{"embeddable":true,"href":"https:\/\/ippa.uek.krakow.pl\/kpp\/wp-json\/wp\/v2\/comments?post=2217"}],"version-history":[{"count":22,"href":"https:\/\/ippa.uek.krakow.pl\/kpp\/wp-json\/wp\/v2\/pages\/2217\/revisions"}],"predecessor-version":[{"id":2761,"href":"https:\/\/ippa.uek.krakow.pl\/kpp\/wp-json\/wp\/v2\/pages\/2217\/revisions\/2761"}],"wp:attachment":[{"href":"https:\/\/ippa.uek.krakow.pl\/kpp\/wp-json\/wp\/v2\/media?parent=2217"}],"curies":[{"name":"wp","href":"https:\/\/api.w.org\/{rel}","templated":true}]}}