
{"id":100,"date":"2023-02-19T00:28:28","date_gmt":"2023-02-18T23:28:28","guid":{"rendered":"https:\/\/ie.uek.krakow.pl\/ke\/?page_id=100"},"modified":"2023-02-19T00:28:28","modified_gmt":"2023-02-18T23:28:28","slug":"aktualnosci","status":"publish","type":"page","link":"https:\/\/ippa.uek.krakow.pl\/kpp\/aktualnosci\/","title":{"rendered":"Aktualno\u015bci"},"content":{"rendered":"\t\t<div data-elementor-type=\"wp-page\" data-elementor-id=\"100\" class=\"elementor elementor-100\">\n\t\t\t\t\t\t<section data-particle_enable=\"false\" data-particle-mobile-disabled=\"false\" class=\"elementor-section elementor-top-section elementor-element elementor-element-b1422da elementor-section-boxed elementor-section-height-default elementor-section-height-default\" data-id=\"b1422da\" data-element_type=\"section\" data-settings=\"{&quot;jet_parallax_layout_list&quot;:[]}\">\n\t\t\t\t\t\t<div class=\"elementor-container elementor-column-gap-default\">\n\t\t\t\t\t<div class=\"elementor-column elementor-col-100 elementor-top-column elementor-element elementor-element-40ed5763\" data-id=\"40ed5763\" data-element_type=\"column\">\n\t\t\t<div class=\"elementor-widget-wrap elementor-element-populated\">\n\t\t\t\t\t\t<div class=\"elementor-element elementor-element-15bbf765 elementor-grid-tablet_extra-eael-col-4 elementor-grid-eael-col-3 elementor-grid-tablet-eael-col-2 elementor-grid-mobile-eael-col-1 elementor-widget elementor-widget-eael-post-grid\" data-id=\"15bbf765\" data-element_type=\"widget\" data-settings=\"{&quot;eael_post_grid_columns_tablet_extra&quot;:&quot;eael-col-4&quot;,&quot;eael_post_grid_columns&quot;:&quot;eael-col-3&quot;,&quot;eael_post_grid_columns_tablet&quot;:&quot;eael-col-2&quot;,&quot;eael_post_grid_columns_mobile&quot;:&quot;eael-col-1&quot;}\" data-widget_type=\"eael-post-grid.default\">\n\t\t\t\t<div class=\"elementor-widget-container\">\n\t\t\t<div id=\"eael-post-grid-15bbf765\" class=\"eael-post-grid-container\">\n            <div class=\"eael-post-grid eael-post-appender eael-post-appender-15bbf765 eael-post-grid-style-two\" data-layout-mode=\"grid\"><article class=\"eael-grid-post eael-post-grid-column\" data-id=\"3660\">\n        <div class=\"eael-grid-post-holder\">\n            <div class=\"eael-grid-post-holder-inner\"><div class=\"eael-entry-wrapper\"><header class=\"eael-entry-header\"><h2 class=\"eael-entry-title\"><a class=\"eael-grid-post-link\" href=\"https:\/\/ippa.uek.krakow.pl\/kpp\/2026\/04\/24\/certyfikat-uczelnia-przyjazna\/\" title=\"Certyfikat &#8222;Uczelnia Przyjazna&#8221;\">Certyfikat &#8222;Uczelnia Przyjazna&#8221;<\/a><\/h2><\/header><div class=\"eael-entry-header-after style-two\"><div class=\"eael-entry-meta\"><span class=\"eael-posted-on eael-meta-posted-on\"><i class=\"far fa-clock\"><\/i><time datetime=\"2026-04-24\">2026-04-24<\/time><\/span><\/div><\/div><div class=\"eael-entry-content\">\n                                    <div class=\"eael-grid-post-excerpt\"><p>Z wielk\u0105 rado\u015bci\u0105 informujemy, \u017ce nasza katedra otrzyma\u0142a (po raz...<\/p><a\n                                        href=\"https:\/\/ippa.uek.krakow.pl\/kpp\/2026\/04\/24\/certyfikat-uczelnia-przyjazna\/\"\n                                        class=\"eael-post-elements-readmore-btn\">Czytaj wi\u0119cej  \u2013&gt;<\/a><\/div>\n                                <\/div><\/div><\/div>\n        <\/div>\n    <\/article><article class=\"eael-grid-post eael-post-grid-column\" data-id=\"3638\">\n        <div class=\"eael-grid-post-holder\">\n            <div class=\"eael-grid-post-holder-inner\"><div class=\"eael-entry-wrapper\"><header class=\"eael-entry-header\"><h2 class=\"eael-entry-title\"><a class=\"eael-grid-post-link\" href=\"https:\/\/ippa.uek.krakow.pl\/kpp\/2026\/04\/21\/wizyta-uczniow-szkoly-podstawowej\/\" title=\"Wizyta uczni\u00f3w szko\u0142y podstawowej\">Wizyta uczni\u00f3w szko\u0142y podstawowej<\/a><\/h2><\/header><div class=\"eael-entry-header-after style-two\"><div class=\"eael-entry-meta\"><span class=\"eael-posted-on eael-meta-posted-on\"><i class=\"far fa-clock\"><\/i><time datetime=\"2026-04-21\">2026-04-21<\/time><\/span><\/div><\/div><div class=\"eael-entry-content\">\n                                    <div class=\"eael-grid-post-excerpt\"><p>W poniedzia\u0142ek 20 kwietnia przybyli do nas z wizyt\u0105 uczniowie...<\/p><a\n                                        href=\"https:\/\/ippa.uek.krakow.pl\/kpp\/2026\/04\/21\/wizyta-uczniow-szkoly-podstawowej\/\"\n                                        class=\"eael-post-elements-readmore-btn\">Czytaj wi\u0119cej  \u2013&gt;<\/a><\/div>\n                                <\/div><\/div><\/div>\n        <\/div>\n    <\/article><article class=\"eael-grid-post eael-post-grid-column\" data-id=\"3597\">\n        <div class=\"eael-grid-post-holder\">\n            <div class=\"eael-grid-post-holder-inner\"><div class=\"eael-entry-wrapper\"><header class=\"eael-entry-header\"><h2 class=\"eael-entry-title\"><a class=\"eael-grid-post-link\" href=\"https:\/\/ippa.uek.krakow.pl\/kpp\/2026\/02\/05\/konkurs-sympozjalny-na-najlepszy-esej-studencki\/\" title=\"Konkurs sympozjalny na najlepszy esej studencki\">Konkurs sympozjalny na najlepszy esej studencki<\/a><\/h2><\/header><div class=\"eael-entry-header-after style-two\"><div class=\"eael-entry-meta\"><span class=\"eael-posted-on eael-meta-posted-on\"><i class=\"far fa-clock\"><\/i><time datetime=\"2026-02-05\">2026-02-05<\/time><\/span><\/div><\/div><div class=\"eael-entry-content\">\n                                    <div class=\"eael-grid-post-excerpt\"><p>Konkurs sympozjalny na najlepszy esej studencki\ud83d\udcc5\u00a0Nagroda: udzia\u0142 w Sympozjum GAP...<\/p><a\n                                        href=\"https:\/\/ippa.uek.krakow.pl\/kpp\/2026\/02\/05\/konkurs-sympozjalny-na-najlepszy-esej-studencki\/\"\n                                        class=\"eael-post-elements-readmore-btn\">Czytaj wi\u0119cej  \u2013&gt;<\/a><\/div>\n                                <\/div><\/div><\/div>\n        <\/div>\n    <\/article><article class=\"eael-grid-post eael-post-grid-column\" data-id=\"3590\">\n        <div class=\"eael-grid-post-holder\">\n            <div class=\"eael-grid-post-holder-inner\"><div class=\"eael-entry-wrapper\"><header class=\"eael-entry-header\"><h2 class=\"eael-entry-title\"><a class=\"eael-grid-post-link\" href=\"https:\/\/ippa.uek.krakow.pl\/kpp\/2026\/01\/22\/webinary-ekologia-polityczna-zaproszenie\/\" title=\"Webinary pt. Ekologia polityczna &#8211; zaproszenie\">Webinary pt. Ekologia polityczna &#8211; zaproszenie<\/a><\/h2><\/header><div class=\"eael-entry-header-after style-two\"><div class=\"eael-entry-meta\"><span class=\"eael-posted-on eael-meta-posted-on\"><i class=\"far fa-clock\"><\/i><time datetime=\"2026-01-22\">2026-01-22<\/time><\/span><\/div><\/div><div class=\"eael-entry-content\">\n                                    <div class=\"eael-grid-post-excerpt\"><p>Polska Sie\u0107 Ekonomii, do kt\u00f3rej nale\u017cy dr Micha\u0142 Mo\u017cd\u017ce\u0144 og\u0142osi\u0142a...<\/p><a\n                                        href=\"https:\/\/ippa.uek.krakow.pl\/kpp\/2026\/01\/22\/webinary-ekologia-polityczna-zaproszenie\/\"\n                                        class=\"eael-post-elements-readmore-btn\">Czytaj wi\u0119cej  \u2013&gt;<\/a><\/div>\n                                <\/div><\/div><\/div>\n        <\/div>\n    <\/article><article class=\"eael-grid-post eael-post-grid-column\" data-id=\"3577\">\n        <div class=\"eael-grid-post-holder\">\n            <div class=\"eael-grid-post-holder-inner\"><div class=\"eael-entry-wrapper\"><header class=\"eael-entry-header\"><h2 class=\"eael-entry-title\"><a class=\"eael-grid-post-link\" href=\"https:\/\/ippa.uek.krakow.pl\/kpp\/2025\/12\/08\/podsumowanie-zbiorki-pt-prezent-dla-futrzaka-do-schroniska-psie-pole-w-raclawicach-2\/\" title=\"Podsumowanie zbi\u00f3rki pt.\u201d Prezent dla futrzaka\u201d do schroniska \u201ePsie Pole\u201d w Rac\u0142awicach\">Podsumowanie zbi\u00f3rki pt.\u201d Prezent dla futrzaka\u201d do schroniska \u201ePsie Pole\u201d w Rac\u0142awicach<\/a><\/h2><\/header><div class=\"eael-entry-header-after style-two\"><div class=\"eael-entry-meta\"><span class=\"eael-posted-on eael-meta-posted-on\"><i class=\"far fa-clock\"><\/i><time datetime=\"2025-12-08\">2025-12-08<\/time><\/span><\/div><\/div><div class=\"eael-entry-content\">\n                                    <div class=\"eael-grid-post-excerpt\"><p>W dniach 17.11 \u2013 28.11 trwa\u0142a sz\u00f3sta zbi\u00f3rka rzeczowa \u201ePrezent...<\/p><a\n                                        href=\"https:\/\/ippa.uek.krakow.pl\/kpp\/2025\/12\/08\/podsumowanie-zbiorki-pt-prezent-dla-futrzaka-do-schroniska-psie-pole-w-raclawicach-2\/\"\n                                        class=\"eael-post-elements-readmore-btn\">Czytaj wi\u0119cej  \u2013&gt;<\/a><\/div>\n                                <\/div><\/div><\/div>\n        <\/div>\n    <\/article><article class=\"eael-grid-post eael-post-grid-column\" data-id=\"3571\">\n        <div class=\"eael-grid-post-holder\">\n            <div class=\"eael-grid-post-holder-inner\"><div class=\"eael-entry-wrapper\"><header class=\"eael-entry-header\"><h2 class=\"eael-entry-title\"><a class=\"eael-grid-post-link\" href=\"https:\/\/ippa.uek.krakow.pl\/kpp\/2025\/12\/04\/wreczenie-nagrody-im-prof-jerzego-osiatynskiego-doktorowi-michalowi-mozdzeniowi\/\" title=\"Wr\u0119czenie nagrody im. prof. Jerzego Osiaty\u0144skiego doktorowi Micha\u0142owi Mo\u017cd\u017ceniowi\">Wr\u0119czenie nagrody im. prof. Jerzego Osiaty\u0144skiego doktorowi Micha\u0142owi Mo\u017cd\u017ceniowi<\/a><\/h2><\/header><div class=\"eael-entry-header-after style-two\"><div class=\"eael-entry-meta\"><span class=\"eael-posted-on eael-meta-posted-on\"><i class=\"far fa-clock\"><\/i><time datetime=\"2025-12-04\">2025-12-04<\/time><\/span><\/div><\/div><div class=\"eael-entry-content\">\n                                    <div class=\"eael-grid-post-excerpt\"><p>Z wielk\u0105 przyjemno\u015bci\u0105 informujemy, \u017ce pracownik naszej Katedry dr Micha\u0142...<\/p><a\n                                        href=\"https:\/\/ippa.uek.krakow.pl\/kpp\/2025\/12\/04\/wreczenie-nagrody-im-prof-jerzego-osiatynskiego-doktorowi-michalowi-mozdzeniowi\/\"\n                                        class=\"eael-post-elements-readmore-btn\">Czytaj wi\u0119cej  \u2013&gt;<\/a><\/div>\n                                <\/div><\/div><\/div>\n        <\/div>\n    <\/article><article class=\"eael-grid-post eael-post-grid-column\" data-id=\"3563\">\n        <div class=\"eael-grid-post-holder\">\n            <div class=\"eael-grid-post-holder-inner\"><div class=\"eael-entry-wrapper\"><header class=\"eael-entry-header\"><h2 class=\"eael-entry-title\"><a class=\"eael-grid-post-link\" href=\"https:\/\/ippa.uek.krakow.pl\/kpp\/2025\/10\/21\/inauguracja-zajec-klasy-patronackiej-uek-w-i-liceum-ogolnoksztalcacym-w-krakowie-im-bartlomieja-nowodworskiego-2\/\" title=\"Inauguracja zaj\u0119\u0107 klasy patronackiej UEK w I Liceum Og\u00f3lnokszta\u0142c\u0105cym w Krakowie im. Bart\u0142omieja Nowodworskiego\">Inauguracja zaj\u0119\u0107 klasy patronackiej UEK w I Liceum Og\u00f3lnokszta\u0142c\u0105cym w Krakowie im. Bart\u0142omieja Nowodworskiego<\/a><\/h2><\/header><div class=\"eael-entry-header-after style-two\"><div class=\"eael-entry-meta\"><span class=\"eael-posted-on eael-meta-posted-on\"><i class=\"far fa-clock\"><\/i><time datetime=\"2025-10-21\">2025-10-21<\/time><\/span><\/div><\/div><div class=\"eael-entry-content\">\n                                    <div class=\"eael-grid-post-excerpt\"><p>13 pa\u017adziernika odby\u0142a si\u0119 uroczysta inauguracja roku w I LO...<\/p><a\n                                        href=\"https:\/\/ippa.uek.krakow.pl\/kpp\/2025\/10\/21\/inauguracja-zajec-klasy-patronackiej-uek-w-i-liceum-ogolnoksztalcacym-w-krakowie-im-bartlomieja-nowodworskiego-2\/\"\n                                        class=\"eael-post-elements-readmore-btn\">Czytaj wi\u0119cej  \u2013&gt;<\/a><\/div>\n                                <\/div><\/div><\/div>\n        <\/div>\n    <\/article><article class=\"eael-grid-post eael-post-grid-column\" data-id=\"3553\">\n        <div class=\"eael-grid-post-holder\">\n            <div class=\"eael-grid-post-holder-inner\"><div class=\"eael-entry-wrapper\"><header class=\"eael-entry-header\"><h2 class=\"eael-entry-title\"><a class=\"eael-grid-post-link\" href=\"https:\/\/ippa.uek.krakow.pl\/kpp\/2025\/09\/24\/spotkanie-absolwentow-specjalnosci-gap-rocznik-2000\/\" title=\"Spotkanie absolwent\u00f3w specjalno\u015bci GAP rocznik 2000\">Spotkanie absolwent\u00f3w specjalno\u015bci GAP rocznik 2000<\/a><\/h2><\/header><div class=\"eael-entry-header-after style-two\"><div class=\"eael-entry-meta\"><span class=\"eael-posted-on eael-meta-posted-on\"><i class=\"far fa-clock\"><\/i><time datetime=\"2025-09-24\">2025-09-24<\/time><\/span><\/div><\/div><div class=\"eael-entry-content\">\n                                    <div class=\"eael-grid-post-excerpt\"><p>W sobot\u0119 20 wrze\u015bnia br. odby\u0142o si\u0119 spotkanie absolwent\u00f3w specjalno\u015bci...<\/p><a\n                                        href=\"https:\/\/ippa.uek.krakow.pl\/kpp\/2025\/09\/24\/spotkanie-absolwentow-specjalnosci-gap-rocznik-2000\/\"\n                                        class=\"eael-post-elements-readmore-btn\">Czytaj wi\u0119cej  \u2013&gt;<\/a><\/div>\n                                <\/div><\/div><\/div>\n        <\/div>\n    <\/article><article class=\"eael-grid-post eael-post-grid-column\" data-id=\"3543\">\n        <div class=\"eael-grid-post-holder\">\n            <div class=\"eael-grid-post-holder-inner\"><div class=\"eael-entry-wrapper\"><header class=\"eael-entry-header\"><h2 class=\"eael-entry-title\"><a class=\"eael-grid-post-link\" href=\"https:\/\/ippa.uek.krakow.pl\/kpp\/2025\/06\/27\/raport-pt-enigmai-dylematy-zwiazane-z-rewolucja-ai-w-administracji-publicznej\/\" title=\"Raport pt. \u201eEnigmAI \u2013 Dylematy zwi\u0105zane z rewolucj\u0105 AI w administracji publicznej\u201d\">Raport pt. \u201eEnigmAI \u2013 Dylematy zwi\u0105zane z rewolucj\u0105 AI w administracji publicznej\u201d<\/a><\/h2><\/header><div class=\"eael-entry-header-after style-two\"><div class=\"eael-entry-meta\"><span class=\"eael-posted-on eael-meta-posted-on\"><i class=\"far fa-clock\"><\/i><time datetime=\"2025-06-27\">2025-06-27<\/time><\/span><\/div><\/div><div class=\"eael-entry-content\">\n                                    <div class=\"eael-grid-post-excerpt\"><p>Zesp\u00f3\u0142 Centrum Polityk Publicznych UEK, w sk\u0142ad kt\u00f3rego weszli pracownicy...<\/p><a\n                                        href=\"https:\/\/ippa.uek.krakow.pl\/kpp\/2025\/06\/27\/raport-pt-enigmai-dylematy-zwiazane-z-rewolucja-ai-w-administracji-publicznej\/\"\n                                        class=\"eael-post-elements-readmore-btn\">Czytaj wi\u0119cej  \u2013&gt;<\/a><\/div>\n                                <\/div><\/div><\/div>\n        <\/div>\n    <\/article><article class=\"eael-grid-post eael-post-grid-column\" data-id=\"3520\">\n        <div class=\"eael-grid-post-holder\">\n            <div class=\"eael-grid-post-holder-inner\"><div class=\"eael-entry-wrapper\"><header class=\"eael-entry-header\"><h2 class=\"eael-entry-title\"><a class=\"eael-grid-post-link\" href=\"https:\/\/ippa.uek.krakow.pl\/kpp\/2025\/06\/10\/certyfikaty-uek-dla-uczniow-i-liceum-ogolnoksztalcacego-w-krakowie-2\/\" title=\"Certyfikaty UEK dla uczni\u00f3w I Liceum Og\u00f3lnokszta\u0142c\u0105cego w Krakowie\">Certyfikaty UEK dla uczni\u00f3w I Liceum Og\u00f3lnokszta\u0142c\u0105cego w Krakowie<\/a><\/h2><\/header><div class=\"eael-entry-header-after style-two\"><div class=\"eael-entry-meta\"><span class=\"eael-posted-on eael-meta-posted-on\"><i class=\"far fa-clock\"><\/i><time datetime=\"2025-06-10\">2025-06-10<\/time><\/span><\/div><\/div><div class=\"eael-entry-content\">\n                                    <div class=\"eael-grid-post-excerpt\"><p>\u00a0Ju\u017c si\u00f3dmy rocznik uczni\u00f3w klasy patronackiej naszej uczelni w I...<\/p><a\n                                        href=\"https:\/\/ippa.uek.krakow.pl\/kpp\/2025\/06\/10\/certyfikaty-uek-dla-uczniow-i-liceum-ogolnoksztalcacego-w-krakowie-2\/\"\n                                        class=\"eael-post-elements-readmore-btn\">Czytaj wi\u0119cej  \u2013&gt;<\/a><\/div>\n                                <\/div><\/div><\/div>\n        <\/div>\n    <\/article><article class=\"eael-grid-post eael-post-grid-column\" data-id=\"3499\">\n        <div class=\"eael-grid-post-holder\">\n            <div class=\"eael-grid-post-holder-inner\"><div class=\"eael-entry-wrapper\"><header class=\"eael-entry-header\"><h2 class=\"eael-entry-title\"><a class=\"eael-grid-post-link\" href=\"https:\/\/ippa.uek.krakow.pl\/kpp\/2025\/05\/20\/cykl-seminariow-pt-ekonomia-polityczna-peryferii-ciag-dalszy\/\" title=\"Cykl seminari\u00f3w pt. \u201eEkonomia polityczna peryferii\u201d &#8211; ci\u0105g dalszy\">Cykl seminari\u00f3w pt. \u201eEkonomia polityczna peryferii\u201d &#8211; ci\u0105g dalszy<\/a><\/h2><\/header><div class=\"eael-entry-header-after style-two\"><div class=\"eael-entry-meta\"><span class=\"eael-posted-on eael-meta-posted-on\"><i class=\"far fa-clock\"><\/i><time datetime=\"2025-05-20\">2025-05-20<\/time><\/span><\/div><\/div><div class=\"eael-entry-content\">\n                                    <div class=\"eael-grid-post-excerpt\"><p>W ramach wsp\u00f3\u0142pracy z Polsk\u0105 Sieci\u0105 Ekonomii 23 kwietnia 2025...<\/p><a\n                                        href=\"https:\/\/ippa.uek.krakow.pl\/kpp\/2025\/05\/20\/cykl-seminariow-pt-ekonomia-polityczna-peryferii-ciag-dalszy\/\"\n                                        class=\"eael-post-elements-readmore-btn\">Czytaj wi\u0119cej  \u2013&gt;<\/a><\/div>\n                                <\/div><\/div><\/div>\n        <\/div>\n    <\/article><article class=\"eael-grid-post eael-post-grid-column\" data-id=\"3632\">\n        <div class=\"eael-grid-post-holder\">\n            <div class=\"eael-grid-post-holder-inner\"><div class=\"eael-entry-wrapper\"><header class=\"eael-entry-header\"><h2 class=\"eael-entry-title\"><a class=\"eael-grid-post-link\" href=\"https:\/\/ippa.uek.krakow.pl\/kpp\/2025\/04\/03\/seminarium-rola-nauki-w-budowaniu-dialogu-i-ksztaltowaniu-polityk-publicznych\/\" title=\"Seminarium &#8211; Rola nauki w budowaniu dialogu i kszta\u0142towaniu polityk publicznych\">Seminarium &#8211; Rola nauki w budowaniu dialogu i kszta\u0142towaniu polityk publicznych<\/a><\/h2><\/header><div class=\"eael-entry-header-after style-two\"><div class=\"eael-entry-meta\"><span class=\"eael-posted-on eael-meta-posted-on\"><i class=\"far fa-clock\"><\/i><time datetime=\"2025-04-03\">2025-04-03<\/time><\/span><\/div><\/div><div class=\"eael-entry-content\">\n                                    <div class=\"eael-grid-post-excerpt\"><p>Seminarium, zorganizowane 3 kwietnia 2025 r. w Krakowie, zwie\u0144czy\u0142o cykl...<\/p><a\n                                        href=\"https:\/\/ippa.uek.krakow.pl\/kpp\/2025\/04\/03\/seminarium-rola-nauki-w-budowaniu-dialogu-i-ksztaltowaniu-polityk-publicznych\/\"\n                                        class=\"eael-post-elements-readmore-btn\">Czytaj wi\u0119cej  \u2013&gt;<\/a><\/div>\n                                <\/div><\/div><\/div>\n        <\/div>\n    <\/article><article class=\"eael-grid-post eael-post-grid-column\" data-id=\"3407\">\n        <div class=\"eael-grid-post-holder\">\n            <div class=\"eael-grid-post-holder-inner\"><div class=\"eael-entry-wrapper\"><header class=\"eael-entry-header\"><h2 class=\"eael-entry-title\"><a class=\"eael-grid-post-link\" href=\"https:\/\/ippa.uek.krakow.pl\/kpp\/2025\/04\/03\/cykl-seminariow-pt-ekonomia-polityczna-peryferii\/\" title=\"Cykl seminari\u00f3w pt. \u201eEkonomia polityczna peryferii\u201d\">Cykl seminari\u00f3w pt. \u201eEkonomia polityczna peryferii\u201d<\/a><\/h2><\/header><div class=\"eael-entry-header-after style-two\"><div class=\"eael-entry-meta\"><span class=\"eael-posted-on eael-meta-posted-on\"><i class=\"far fa-clock\"><\/i><time datetime=\"2025-04-03\">2025-04-03<\/time><\/span><\/div><\/div><div class=\"eael-entry-content\">\n                                    <div class=\"eael-grid-post-excerpt\"><p>W ramach wsp\u00f3\u0142pracy z Polsk\u0105 Sieci\u0105 Ekonomii, 12 marca wraz...<\/p><a\n                                        href=\"https:\/\/ippa.uek.krakow.pl\/kpp\/2025\/04\/03\/cykl-seminariow-pt-ekonomia-polityczna-peryferii\/\"\n                                        class=\"eael-post-elements-readmore-btn\">Czytaj wi\u0119cej  \u2013&gt;<\/a><\/div>\n                                <\/div><\/div><\/div>\n        <\/div>\n    <\/article><article class=\"eael-grid-post eael-post-grid-column\" data-id=\"3398\">\n        <div class=\"eael-grid-post-holder\">\n            <div class=\"eael-grid-post-holder-inner\"><div class=\"eael-entry-wrapper\"><header class=\"eael-entry-header\"><h2 class=\"eael-entry-title\"><a class=\"eael-grid-post-link\" href=\"https:\/\/ippa.uek.krakow.pl\/kpp\/2025\/04\/02\/publikacja-pt-navigating-globotics-at-the-polperyfery-pod-redakcja-dra-hab-marcina-zawickiego-i-dra-michala-mozdzenia\/\" title=\"Publikacja pt. \u201eNavigating Globotics at the Semi-periphery\u201d pod redakcj\u0105 dra hab. Marcina Zawickiego i dra Micha\u0142a Mo\u017cd\u017cenia\">Publikacja pt. \u201eNavigating Globotics at the Semi-periphery\u201d pod redakcj\u0105 dra hab. Marcina Zawickiego i dra Micha\u0142a Mo\u017cd\u017cenia<\/a><\/h2><\/header><div class=\"eael-entry-header-after style-two\"><div class=\"eael-entry-meta\"><span class=\"eael-posted-on eael-meta-posted-on\"><i class=\"far fa-clock\"><\/i><time datetime=\"2025-04-02\">2025-04-02<\/time><\/span><\/div><\/div><div class=\"eael-entry-content\">\n                                    <div class=\"eael-grid-post-excerpt\"><p>Bardzo mi\u0142o jest nam poinformowa\u0107, \u017ce wydawnictwo De Gruyter Brill...<\/p><a\n                                        href=\"https:\/\/ippa.uek.krakow.pl\/kpp\/2025\/04\/02\/publikacja-pt-navigating-globotics-at-the-polperyfery-pod-redakcja-dra-hab-marcina-zawickiego-i-dra-michala-mozdzenia\/\"\n                                        class=\"eael-post-elements-readmore-btn\">Czytaj wi\u0119cej  \u2013&gt;<\/a><\/div>\n                                <\/div><\/div><\/div>\n        <\/div>\n    <\/article><article class=\"eael-grid-post eael-post-grid-column\" data-id=\"3166\">\n        <div class=\"eael-grid-post-holder\">\n            <div class=\"eael-grid-post-holder-inner\"><div class=\"eael-entry-wrapper\"><header class=\"eael-entry-header\"><h2 class=\"eael-entry-title\"><a class=\"eael-grid-post-link\" href=\"https:\/\/ippa.uek.krakow.pl\/kpp\/2025\/02\/06\/konkurs-sympozjalny\/\" title=\"Konkurs sympozjalny\">Konkurs sympozjalny<\/a><\/h2><\/header><div class=\"eael-entry-header-after style-two\"><div class=\"eael-entry-meta\"><span class=\"eael-posted-on eael-meta-posted-on\"><i class=\"far fa-clock\"><\/i><time datetime=\"2025-02-06\">2025-02-06<\/time><\/span><\/div><\/div><div class=\"eael-entry-content\">\n                                    <div class=\"eael-grid-post-excerpt\"><p>\u00a0 Drogie studentki, drodzy studenci! 55. Sympozjum GAP ju\u017c niebawem,...<\/p><a\n                                        href=\"https:\/\/ippa.uek.krakow.pl\/kpp\/2025\/02\/06\/konkurs-sympozjalny\/\"\n                                        class=\"eael-post-elements-readmore-btn\">Czytaj wi\u0119cej  \u2013&gt;<\/a><\/div>\n                                <\/div><\/div><\/div>\n        <\/div>\n    <\/article><article class=\"eael-grid-post eael-post-grid-column\" data-id=\"2872\">\n        <div class=\"eael-grid-post-holder\">\n            <div class=\"eael-grid-post-holder-inner\"><div class=\"eael-entry-wrapper\"><header class=\"eael-entry-header\"><h2 class=\"eael-entry-title\"><a class=\"eael-grid-post-link\" href=\"https:\/\/ippa.uek.krakow.pl\/kpp\/2024\/12\/17\/podsumowanie-zbiorki-rzeczowej-dla-schroniska-psie-pole-w-raclawicach\/\" title=\"Podsumowanie zbi\u00f3rki rzeczowej dla schroniska Psie Pole w Rac\u0142awicach\">Podsumowanie zbi\u00f3rki rzeczowej dla schroniska Psie Pole w Rac\u0142awicach<\/a><\/h2><\/header><div class=\"eael-entry-header-after style-two\"><div class=\"eael-entry-meta\"><span class=\"eael-posted-on eael-meta-posted-on\"><i class=\"far fa-clock\"><\/i><time datetime=\"2024-12-17\">2024-12-17<\/time><\/span><\/div><\/div><div class=\"eael-entry-content\">\n                                    <div class=\"eael-grid-post-excerpt\"><p>W dniach 2.12 \u2013 13.12 trwa\u0142a pi\u0105ta zbi\u00f3rka rzeczowa \u201ePrezent...<\/p><a\n                                        href=\"https:\/\/ippa.uek.krakow.pl\/kpp\/2024\/12\/17\/podsumowanie-zbiorki-rzeczowej-dla-schroniska-psie-pole-w-raclawicach\/\"\n                                        class=\"eael-post-elements-readmore-btn\">Czytaj wi\u0119cej  \u2013&gt;<\/a><\/div>\n                                <\/div><\/div><\/div>\n        <\/div>\n    <\/article><article class=\"eael-grid-post eael-post-grid-column\" data-id=\"2865\">\n        <div class=\"eael-grid-post-holder\">\n            <div class=\"eael-grid-post-holder-inner\"><div class=\"eael-entry-wrapper\"><header class=\"eael-entry-header\"><h2 class=\"eael-entry-title\"><a class=\"eael-grid-post-link\" href=\"https:\/\/ippa.uek.krakow.pl\/kpp\/2024\/12\/13\/nagroda-dla-pracy-doktorskiej-magdaleny-pokory\/\" title=\"Nagroda dla pracy doktorskiej Magdaleny Pokory\">Nagroda dla pracy doktorskiej Magdaleny Pokory<\/a><\/h2><\/header><div class=\"eael-entry-header-after style-two\"><div class=\"eael-entry-meta\"><span class=\"eael-posted-on eael-meta-posted-on\"><i class=\"far fa-clock\"><\/i><time datetime=\"2024-12-13\">2024-12-13<\/time><\/span><\/div><\/div><div class=\"eael-entry-content\">\n                                    <div class=\"eael-grid-post-excerpt\"><p>Praca doktorska autorstwa dr Magdaleny Pokory, pt. Wykorzystanie koncepcji spo\u0142ecznej...<\/p><a\n                                        href=\"https:\/\/ippa.uek.krakow.pl\/kpp\/2024\/12\/13\/nagroda-dla-pracy-doktorskiej-magdaleny-pokory\/\"\n                                        class=\"eael-post-elements-readmore-btn\">Czytaj wi\u0119cej  \u2013&gt;<\/a><\/div>\n                                <\/div><\/div><\/div>\n        <\/div>\n    <\/article><article class=\"eael-grid-post eael-post-grid-column\" data-id=\"2846\">\n        <div class=\"eael-grid-post-holder\">\n            <div class=\"eael-grid-post-holder-inner\"><div class=\"eael-entry-wrapper\"><header class=\"eael-entry-header\"><h2 class=\"eael-entry-title\"><a class=\"eael-grid-post-link\" href=\"https:\/\/ippa.uek.krakow.pl\/kpp\/2024\/10\/08\/inauguracja-w-i-liceum-ogolnoksztalcacym-im-bartlomieja-nowodworskiego-w-krakowie\/\" title=\"Inauguracja w I Liceum Og\u00f3lnokszta\u0142c\u0105cym im. Bart\u0142omieja Nowodworskiego w Krakowie\">Inauguracja w I Liceum Og\u00f3lnokszta\u0142c\u0105cym im. Bart\u0142omieja Nowodworskiego w Krakowie<\/a><\/h2><\/header><div class=\"eael-entry-header-after style-two\"><div class=\"eael-entry-meta\"><span class=\"eael-posted-on eael-meta-posted-on\"><i class=\"far fa-clock\"><\/i><time datetime=\"2024-10-08\">2024-10-08<\/time><\/span><\/div><\/div><div class=\"eael-entry-content\">\n                                    <div class=\"eael-grid-post-excerpt\"><p>7 pa\u017adziernika odby\u0142a si\u0119 uroczysta inauguracja roku w I LO...<\/p><a\n                                        href=\"https:\/\/ippa.uek.krakow.pl\/kpp\/2024\/10\/08\/inauguracja-w-i-liceum-ogolnoksztalcacym-im-bartlomieja-nowodworskiego-w-krakowie\/\"\n                                        class=\"eael-post-elements-readmore-btn\">Czytaj wi\u0119cej  \u2013&gt;<\/a><\/div>\n                                <\/div><\/div><\/div>\n        <\/div>\n    <\/article><article class=\"eael-grid-post eael-post-grid-column\" data-id=\"2836\">\n        <div class=\"eael-grid-post-holder\">\n            <div class=\"eael-grid-post-holder-inner\"><div class=\"eael-entry-wrapper\"><header class=\"eael-entry-header\"><h2 class=\"eael-entry-title\"><a class=\"eael-grid-post-link\" href=\"https:\/\/ippa.uek.krakow.pl\/kpp\/2024\/07\/23\/urlop\/\" title=\"Urlop\">Urlop<\/a><\/h2><\/header><div class=\"eael-entry-header-after style-two\"><div class=\"eael-entry-meta\"><span class=\"eael-posted-on eael-meta-posted-on\"><i class=\"far fa-clock\"><\/i><time datetime=\"2024-07-23\">2024-07-23<\/time><\/span><\/div><\/div><div class=\"eael-entry-content\">\n                                    <div class=\"eael-grid-post-excerpt\"><p>W dniu 24.07 sekretariat nieczynny z uwagi na prac\u0119 zdaln\u0105....<\/p><a\n                                        href=\"https:\/\/ippa.uek.krakow.pl\/kpp\/2024\/07\/23\/urlop\/\"\n                                        class=\"eael-post-elements-readmore-btn\">Czytaj wi\u0119cej  \u2013&gt;<\/a><\/div>\n                                <\/div><\/div><\/div>\n        <\/div>\n    <\/article><article class=\"eael-grid-post eael-post-grid-column\" data-id=\"2824\">\n        <div class=\"eael-grid-post-holder\">\n            <div class=\"eael-grid-post-holder-inner\"><div class=\"eael-entry-wrapper\"><header class=\"eael-entry-header\"><h2 class=\"eael-entry-title\"><a class=\"eael-grid-post-link\" href=\"https:\/\/ippa.uek.krakow.pl\/kpp\/2024\/07\/17\/uzyskanie-tytulow-doktora-habilitowanego-w-katedrze-polityk-publicznych\/\" title=\"Uzyskanie tytu\u0142u doktora habilitowanego w Katedrze Polityk Publicznych\">Uzyskanie tytu\u0142u doktora habilitowanego w Katedrze Polityk Publicznych<\/a><\/h2><\/header><div class=\"eael-entry-header-after style-two\"><div class=\"eael-entry-meta\"><span class=\"eael-posted-on eael-meta-posted-on\"><i class=\"far fa-clock\"><\/i><time datetime=\"2024-07-17\">2024-07-17<\/time><\/span><\/div><\/div><div class=\"eael-entry-content\">\n                                    <div class=\"eael-grid-post-excerpt\"><p>Z rado\u015bci\u0105 pragniemy poinformowa\u0107, \u017ce dw\u00f3ch pracownik\u00f3w Katedry Polityk Publicznych...<\/p><a\n                                        href=\"https:\/\/ippa.uek.krakow.pl\/kpp\/2024\/07\/17\/uzyskanie-tytulow-doktora-habilitowanego-w-katedrze-polityk-publicznych\/\"\n                                        class=\"eael-post-elements-readmore-btn\">Czytaj wi\u0119cej  \u2013&gt;<\/a><\/div>\n                                <\/div><\/div><\/div>\n        <\/div>\n    <\/article><article class=\"eael-grid-post eael-post-grid-column\" data-id=\"2808\">\n        <div class=\"eael-grid-post-holder\">\n            <div class=\"eael-grid-post-holder-inner\"><div class=\"eael-entry-wrapper\"><header class=\"eael-entry-header\"><h2 class=\"eael-entry-title\"><a class=\"eael-grid-post-link\" href=\"https:\/\/ippa.uek.krakow.pl\/kpp\/2024\/06\/12\/certyfikaty-uek-dla-uczniow-i-liceum-ogolnoksztalcacego-w-krakowie\/\" title=\"Certyfikaty UEK dla uczni\u00f3w I Liceum Og\u00f3lnokszta\u0142c\u0105cego w Krakowie\">Certyfikaty UEK dla uczni\u00f3w I Liceum Og\u00f3lnokszta\u0142c\u0105cego w Krakowie<\/a><\/h2><\/header><div class=\"eael-entry-header-after style-two\"><div class=\"eael-entry-meta\"><span class=\"eael-posted-on eael-meta-posted-on\"><i class=\"far fa-clock\"><\/i><time datetime=\"2024-06-12\">2024-06-12<\/time><\/span><\/div><\/div><div class=\"eael-entry-content\">\n                                    <div class=\"eael-grid-post-excerpt\"><p>Ju\u017c sz\u00f3sty rocznik uczni\u00f3w klasy patronackiej naszej uczelni w I...<\/p><a\n                                        href=\"https:\/\/ippa.uek.krakow.pl\/kpp\/2024\/06\/12\/certyfikaty-uek-dla-uczniow-i-liceum-ogolnoksztalcacego-w-krakowie\/\"\n                                        class=\"eael-post-elements-readmore-btn\">Czytaj wi\u0119cej  \u2013&gt;<\/a><\/div>\n                                <\/div><\/div><\/div>\n        <\/div>\n    <\/article><article class=\"eael-grid-post eael-post-grid-column\" data-id=\"2797\">\n        <div class=\"eael-grid-post-holder\">\n            <div class=\"eael-grid-post-holder-inner\"><div class=\"eael-entry-wrapper\"><header class=\"eael-entry-header\"><h2 class=\"eael-entry-title\"><a class=\"eael-grid-post-link\" href=\"https:\/\/ippa.uek.krakow.pl\/kpp\/2024\/04\/05\/dzien-otwarty-uek\/\" title=\"Dzie\u0144 Otwarty UEK\">Dzie\u0144 Otwarty UEK<\/a><\/h2><\/header><div class=\"eael-entry-header-after style-two\"><div class=\"eael-entry-meta\"><span class=\"eael-posted-on eael-meta-posted-on\"><i class=\"far fa-clock\"><\/i><time datetime=\"2024-04-05\">2024-04-05<\/time><\/span><\/div><\/div><div class=\"eael-entry-content\">\n                                    <div class=\"eael-grid-post-excerpt\"><p>W dniach 20 i 21 marca na naszym uniwersytecie odby\u0142...<\/p><a\n                                        href=\"https:\/\/ippa.uek.krakow.pl\/kpp\/2024\/04\/05\/dzien-otwarty-uek\/\"\n                                        class=\"eael-post-elements-readmore-btn\">Czytaj wi\u0119cej  \u2013&gt;<\/a><\/div>\n                                <\/div><\/div><\/div>\n        <\/div>\n    <\/article><article class=\"eael-grid-post eael-post-grid-column\" data-id=\"2776\">\n        <div class=\"eael-grid-post-holder\">\n            <div class=\"eael-grid-post-holder-inner\"><div class=\"eael-entry-wrapper\"><header class=\"eael-entry-header\"><h2 class=\"eael-entry-title\"><a class=\"eael-grid-post-link\" href=\"https:\/\/ippa.uek.krakow.pl\/kpp\/2024\/04\/04\/nadanie-tytulu-doktora-pani-katarzynie-baran\/\" title=\"Uzyskanie tytu\u0142u doktora przez Pani\u0105 Katarzyn\u0119 Baran\">Uzyskanie tytu\u0142u doktora przez Pani\u0105 Katarzyn\u0119 Baran<\/a><\/h2><\/header><div class=\"eael-entry-header-after style-two\"><div class=\"eael-entry-meta\"><span class=\"eael-posted-on eael-meta-posted-on\"><i class=\"far fa-clock\"><\/i><time datetime=\"2024-04-04\">2024-04-04<\/time><\/span><\/div><\/div><div class=\"eael-entry-content\">\n                                    <div class=\"eael-grid-post-excerpt\"><p>Z przyjemno\u015bci\u0105 informujemy, \u017ce w dniu 1 marca br. odby\u0142a...<\/p><a\n                                        href=\"https:\/\/ippa.uek.krakow.pl\/kpp\/2024\/04\/04\/nadanie-tytulu-doktora-pani-katarzynie-baran\/\"\n                                        class=\"eael-post-elements-readmore-btn\">Czytaj wi\u0119cej  \u2013&gt;<\/a><\/div>\n                                <\/div><\/div><\/div>\n        <\/div>\n    <\/article><article class=\"eael-grid-post eael-post-grid-column\" data-id=\"2715\">\n        <div class=\"eael-grid-post-holder\">\n            <div class=\"eael-grid-post-holder-inner\"><div class=\"eael-entry-wrapper\"><header class=\"eael-entry-header\"><h2 class=\"eael-entry-title\"><a class=\"eael-grid-post-link\" href=\"https:\/\/ippa.uek.krakow.pl\/kpp\/2024\/01\/02\/podsumowanie-zbiorki-pt-prezent-dla-futrzaka-do-schroniska-psie-pole-w-raclawicach\/\" title=\"Podsumowanie zbi\u00f3rki pt.\u201d Prezent dla futrzaka\u201d do schroniska \u201ePsie Pole\u201d w Rac\u0142awicach\">Podsumowanie zbi\u00f3rki pt.\u201d Prezent dla futrzaka\u201d do schroniska \u201ePsie Pole\u201d w Rac\u0142awicach<\/a><\/h2><\/header><div class=\"eael-entry-header-after style-two\"><div class=\"eael-entry-meta\"><span class=\"eael-posted-on eael-meta-posted-on\"><i class=\"far fa-clock\"><\/i><time datetime=\"2024-01-02\">2024-01-02<\/time><\/span><\/div><\/div><div class=\"eael-entry-content\">\n                                    <div class=\"eael-grid-post-excerpt\"><p>W dniach 1.12.2023 \u2013 15.12.2023 trwa\u0142a czwarta zbi\u00f3rka rzeczowa \u201ePrezent...<\/p><a\n                                        href=\"https:\/\/ippa.uek.krakow.pl\/kpp\/2024\/01\/02\/podsumowanie-zbiorki-pt-prezent-dla-futrzaka-do-schroniska-psie-pole-w-raclawicach\/\"\n                                        class=\"eael-post-elements-readmore-btn\">Czytaj wi\u0119cej  \u2013&gt;<\/a><\/div>\n                                <\/div><\/div><\/div>\n        <\/div>\n    <\/article><article class=\"eael-grid-post eael-post-grid-column\" data-id=\"2666\">\n        <div class=\"eael-grid-post-holder\">\n            <div class=\"eael-grid-post-holder-inner\"><div class=\"eael-entry-wrapper\"><header class=\"eael-entry-header\"><h2 class=\"eael-entry-title\"><a class=\"eael-grid-post-link\" href=\"https:\/\/ippa.uek.krakow.pl\/kpp\/2023\/12\/04\/wyroznienie-dla-pracy-doktorskiej\/\" title=\"Wyr\u00f3\u017cnienie dla pracy doktorskiej\">Wyr\u00f3\u017cnienie dla pracy doktorskiej<\/a><\/h2><\/header><div class=\"eael-entry-header-after style-two\"><div class=\"eael-entry-meta\"><span class=\"eael-posted-on eael-meta-posted-on\"><i class=\"far fa-clock\"><\/i><time datetime=\"2023-12-04\">2023-12-04<\/time><\/span><\/div><\/div><div class=\"eael-entry-content\">\n                                    <div class=\"eael-grid-post-excerpt\"><p>Jest nam niezmiernie mi\u0142o poinformowa\u0107, \u017ce praca doktorska Pani dr...<\/p><a\n                                        href=\"https:\/\/ippa.uek.krakow.pl\/kpp\/2023\/12\/04\/wyroznienie-dla-pracy-doktorskiej\/\"\n                                        class=\"eael-post-elements-readmore-btn\">Czytaj wi\u0119cej  \u2013&gt;<\/a><\/div>\n                                <\/div><\/div><\/div>\n        <\/div>\n    <\/article><article class=\"eael-grid-post eael-post-grid-column\" data-id=\"2639\">\n        <div class=\"eael-grid-post-holder\">\n            <div class=\"eael-grid-post-holder-inner\"><div class=\"eael-entry-wrapper\"><header class=\"eael-entry-header\"><h2 class=\"eael-entry-title\"><a class=\"eael-grid-post-link\" href=\"https:\/\/ippa.uek.krakow.pl\/kpp\/2023\/10\/30\/inauguracja-zajec-klasy-patronackiej-uek-w-i-liceum-ogolnoksztalcacym-w-krakowie-im-bartlomieja-nowodworskiego\/\" title=\"Inauguracja zaj\u0119\u0107 klasy patronackiej UEK w I Liceum Og\u00f3lnokszta\u0142c\u0105cym w Krakowie im. Bart\u0142omieja Nowodworskiego\">Inauguracja zaj\u0119\u0107 klasy patronackiej UEK w I Liceum Og\u00f3lnokszta\u0142c\u0105cym w Krakowie im. Bart\u0142omieja Nowodworskiego<\/a><\/h2><\/header><div class=\"eael-entry-header-after style-two\"><div class=\"eael-entry-meta\"><span class=\"eael-posted-on eael-meta-posted-on\"><i class=\"far fa-clock\"><\/i><time datetime=\"2023-10-30\">2023-10-30<\/time><\/span><\/div><\/div><div class=\"eael-entry-content\">\n                                    <div class=\"eael-grid-post-excerpt\"><p>10 pa\u017adziernika odby\u0142a si\u0119 uroczysta inauguracja roku w I LO...<\/p><a\n                                        href=\"https:\/\/ippa.uek.krakow.pl\/kpp\/2023\/10\/30\/inauguracja-zajec-klasy-patronackiej-uek-w-i-liceum-ogolnoksztalcacym-w-krakowie-im-bartlomieja-nowodworskiego\/\"\n                                        class=\"eael-post-elements-readmore-btn\">Czytaj wi\u0119cej  \u2013&gt;<\/a><\/div>\n                                <\/div><\/div><\/div>\n        <\/div>\n    <\/article><article class=\"eael-grid-post eael-post-grid-column\" data-id=\"2629\">\n        <div class=\"eael-grid-post-holder\">\n            <div class=\"eael-grid-post-holder-inner\"><div class=\"eael-entry-wrapper\"><header class=\"eael-entry-header\"><h2 class=\"eael-entry-title\"><a class=\"eael-grid-post-link\" href=\"https:\/\/ippa.uek.krakow.pl\/kpp\/2023\/10\/05\/spotkanie-z-i-rocznikiem-gap\/\" title=\"Spotkanie z I rokiem kierunku GAP\">Spotkanie z I rokiem kierunku GAP<\/a><\/h2><\/header><div class=\"eael-entry-header-after style-two\"><div class=\"eael-entry-meta\"><span class=\"eael-posted-on eael-meta-posted-on\"><i class=\"far fa-clock\"><\/i><time datetime=\"2023-10-05\">2023-10-05<\/time><\/span><\/div><\/div><div class=\"eael-entry-content\">\n                                    <div class=\"eael-grid-post-excerpt\"><p>Spotkania ze studentami I roku GAP (cz\u0119sto nazywane &#8222;spotkania z...<\/p><a\n                                        href=\"https:\/\/ippa.uek.krakow.pl\/kpp\/2023\/10\/05\/spotkanie-z-i-rocznikiem-gap\/\"\n                                        class=\"eael-post-elements-readmore-btn\">Czytaj wi\u0119cej  \u2013&gt;<\/a><\/div>\n                                <\/div><\/div><\/div>\n        <\/div>\n    <\/article><article class=\"eael-grid-post eael-post-grid-column\" data-id=\"2533\">\n        <div class=\"eael-grid-post-holder\">\n            <div class=\"eael-grid-post-holder-inner\"><div class=\"eael-entry-wrapper\"><header class=\"eael-entry-header\"><h2 class=\"eael-entry-title\"><a class=\"eael-grid-post-link\" href=\"https:\/\/ippa.uek.krakow.pl\/kpp\/2023\/09\/19\/99-inaguracja-roku-akademickiego\/\" title=\"99. Inaguracja Roku Akademickiego\">99. Inaguracja Roku Akademickiego<\/a><\/h2><\/header><div class=\"eael-entry-header-after style-two\"><div class=\"eael-entry-meta\"><span class=\"eael-posted-on eael-meta-posted-on\"><i class=\"far fa-clock\"><\/i><time datetime=\"2023-09-19\">2023-09-19<\/time><\/span><\/div><\/div><div class=\"eael-entry-content\">\n                                    <div class=\"eael-grid-post-excerpt\"><p>Serdecznie zapraszamy na 99. Inauguracj\u0119 Roku Akademickiego, kt\u00f3ra odb\u0119dzie si\u0119...<\/p><a\n                                        href=\"https:\/\/ippa.uek.krakow.pl\/kpp\/2023\/09\/19\/99-inaguracja-roku-akademickiego\/\"\n                                        class=\"eael-post-elements-readmore-btn\">Czytaj wi\u0119cej  \u2013&gt;<\/a><\/div>\n                                <\/div><\/div><\/div>\n        <\/div>\n    <\/article><article class=\"eael-grid-post eael-post-grid-column\" data-id=\"2183\">\n        <div class=\"eael-grid-post-holder\">\n            <div class=\"eael-grid-post-holder-inner\"><div class=\"eael-entry-wrapper\"><header class=\"eael-entry-header\"><h2 class=\"eael-entry-title\"><a class=\"eael-grid-post-link\" href=\"https:\/\/ippa.uek.krakow.pl\/kpp\/2023\/07\/04\/certyfikat-uczelni-przyjaznej-osobom-z-niepelnosprawnoscia\/\" title=\"Certyfikat Uczelni Przyjaznej Osobom z Niepe\u0142nosprawno\u015bci\u0105\">Certyfikat Uczelni Przyjaznej Osobom z Niepe\u0142nosprawno\u015bci\u0105<\/a><\/h2><\/header><div class=\"eael-entry-header-after style-two\"><div class=\"eael-entry-meta\"><span class=\"eael-posted-on eael-meta-posted-on\"><i class=\"far fa-clock\"><\/i><time datetime=\"2023-07-04\">2023-07-04<\/time><\/span><\/div><\/div><div class=\"eael-entry-content\">\n                                    <div class=\"eael-grid-post-excerpt\"><p>Katedra Polityk Publicznych uzyska\u0142a certyfikat Uczelni Przyjaznej Osobom z Niepe\u0142nosprawno\u015bci\u0105.\u00a0...<\/p><a\n                                        href=\"https:\/\/ippa.uek.krakow.pl\/kpp\/2023\/07\/04\/certyfikat-uczelni-przyjaznej-osobom-z-niepelnosprawnoscia\/\"\n                                        class=\"eael-post-elements-readmore-btn\">Czytaj wi\u0119cej  \u2013&gt;<\/a><\/div>\n                                <\/div><\/div><\/div>\n        <\/div>\n    <\/article><article class=\"eael-grid-post eael-post-grid-column\" data-id=\"2176\">\n        <div class=\"eael-grid-post-holder\">\n            <div class=\"eael-grid-post-holder-inner\"><div class=\"eael-entry-wrapper\"><header class=\"eael-entry-header\"><h2 class=\"eael-entry-title\"><a class=\"eael-grid-post-link\" href=\"https:\/\/ippa.uek.krakow.pl\/kpp\/2023\/07\/04\/wakacje\/\" title=\"W ko\u0144cu wakacje!\">W ko\u0144cu wakacje!<\/a><\/h2><\/header><div class=\"eael-entry-header-after style-two\"><div class=\"eael-entry-meta\"><span class=\"eael-posted-on eael-meta-posted-on\"><i class=\"far fa-clock\"><\/i><time datetime=\"2023-07-04\">2023-07-04<\/time><\/span><\/div><\/div><div class=\"eael-entry-content\">\n                                    <div class=\"eael-grid-post-excerpt\"><p>Szanowni Studenci! Mamy nadziej\u0119, \u017ce ka\u017cdy z Was zda\u0142 wszystkie...<\/p><a\n                                        href=\"https:\/\/ippa.uek.krakow.pl\/kpp\/2023\/07\/04\/wakacje\/\"\n                                        class=\"eael-post-elements-readmore-btn\">Czytaj wi\u0119cej  \u2013&gt;<\/a><\/div>\n                                <\/div><\/div><\/div>\n        <\/div>\n    <\/article><article class=\"eael-grid-post eael-post-grid-column\" data-id=\"2166\">\n        <div class=\"eael-grid-post-holder\">\n            <div class=\"eael-grid-post-holder-inner\"><div class=\"eael-entry-wrapper\"><header class=\"eael-entry-header\"><h2 class=\"eael-entry-title\"><a class=\"eael-grid-post-link\" href=\"https:\/\/ippa.uek.krakow.pl\/kpp\/2023\/06\/23\/zakonczenie-roku-w-i-liceum-ogolnoksztalcacym-w-krakowie\/\" title=\"Zako\u0144czenie roku w I Liceum Og\u00f3lnokszta\u0142c\u0105cym w Krakowie\">Zako\u0144czenie roku w I Liceum Og\u00f3lnokszta\u0142c\u0105cym w Krakowie<\/a><\/h2><\/header><div class=\"eael-entry-header-after style-two\"><div class=\"eael-entry-meta\"><span class=\"eael-posted-on eael-meta-posted-on\"><i class=\"far fa-clock\"><\/i><time datetime=\"2023-06-23\">2023-06-23<\/time><\/span><\/div><\/div><div class=\"eael-entry-content\">\n                                    <div class=\"eael-grid-post-excerpt\"><p>19 czerwca odby\u0142o si\u0119 uroczyste zako\u0144czenie roku w I Liceum...<\/p><a\n                                        href=\"https:\/\/ippa.uek.krakow.pl\/kpp\/2023\/06\/23\/zakonczenie-roku-w-i-liceum-ogolnoksztalcacym-w-krakowie\/\"\n                                        class=\"eael-post-elements-readmore-btn\">Czytaj wi\u0119cej  \u2013&gt;<\/a><\/div>\n                                <\/div><\/div><\/div>\n        <\/div>\n    <\/article><article class=\"eael-grid-post eael-post-grid-column\" data-id=\"2148\">\n        <div class=\"eael-grid-post-holder\">\n            <div class=\"eael-grid-post-holder-inner\"><div class=\"eael-entry-wrapper\"><header class=\"eael-entry-header\"><h2 class=\"eael-entry-title\"><a class=\"eael-grid-post-link\" href=\"https:\/\/ippa.uek.krakow.pl\/kpp\/2023\/06\/13\/example-news-copy\/\" title=\"O &#8222;Nowy re\u017cim wzrostu w Europie \u015arodkowo-wschodniej\u201d pyta\u0142 dr Micha\u0142 Mo\u017cd\u017ce\u0144 na XIX og\u00f3lnopolskim zje\u017adzie ekonomist\u00f3w\">O &#8222;Nowy re\u017cim wzrostu w Europie \u015arodkowo-wschodniej\u201d pyta\u0142 dr Micha\u0142 Mo\u017cd\u017ce\u0144 na XIX og\u00f3lnopolskim zje\u017adzie ekonomist\u00f3w<\/a><\/h2><\/header><div class=\"eael-entry-header-after style-two\"><div class=\"eael-entry-meta\"><span class=\"eael-posted-on eael-meta-posted-on\"><i class=\"far fa-clock\"><\/i><time datetime=\"2023-06-13\">2023-06-13<\/time><\/span><\/div><\/div><div class=\"eael-entry-content\">\n                                    <div class=\"eael-grid-post-excerpt\"><p>W dniach 4-7 czerwca dr Micha\u0142 Mo\u017cd\u017ce\u0144, wsp\u00f3lnie ze swoim...<\/p><a\n                                        href=\"https:\/\/ippa.uek.krakow.pl\/kpp\/2023\/06\/13\/example-news-copy\/\"\n                                        class=\"eael-post-elements-readmore-btn\">Czytaj wi\u0119cej  \u2013&gt;<\/a><\/div>\n                                <\/div><\/div><\/div>\n        <\/div>\n    <\/article><\/div>\n            <div class=\"clearfix\"><\/div>\n        <\/div>            <div class=\"eael-load-more-button-wrap\">\n                <button class=\"eael-load-more-button\" id=\"eael-load-more-btn-15bbf765\" data-widget-id=\"15bbf765\" data-widget=\"15bbf765\" data-page-id=\"100\" data-template=\"{&quot;dir&quot;:&quot;lite&quot;,&quot;file_name&quot;:&quot;default.php&quot;,&quot;name&quot;:&quot;Post-Grid&quot;}\" data-class=\"Essential_Addons_Elementor\\Elements\\Post_Grid\" data-layout=\"grid\" data-page=\"1\" data-args=\"orderby=date&amp;order=desc&amp;ignore_sticky_posts=1&amp;post_status=publish&amp;posts_per_page=32&amp;offset=0&amp;post_type=post&amp;tax_query%5B0%5D%5Btaxonomy%5D=category&amp;tax_query%5B0%5D%5Bfield%5D=term_id&amp;tax_query%5B0%5D%5Bterms%5D%5B0%5D=10&amp;tax_query%5Brelation%5D=AND\" data-max-page=\"2\">\n                    <span class=\"eael-btn-loader button__loader\"><\/span>\n                    <span class=\"eael_load_more_text\">Wi\u0119cej aktualno\u015bci<\/span>\n                <\/button>\n            <\/div>\n            \t\t<\/div>\n\t\t\t\t<\/div>\n\t\t\t\t\t<\/div>\n\t\t<\/div>\n\t\t\t\t\t<\/div>\n\t\t<\/section>\n\t\t\t\t<\/div>\n\t\t","protected":false},"excerpt":{"rendered":"<p>Przyk\u0142adowy wpis 2023-02-13 Lorem ipsum dolor sit amet, consectetur adipiscing elit, sed do&#8230; Czytaj wi\u0119cej \u2013&gt;<\/p>\n","protected":false},"author":1,"featured_media":0,"parent":0,"menu_order":0,"comment_status":"closed","ping_status":"closed","template":"elementor_header_footer","meta":{"footnotes":""},"class_list":["post-100","page","type-page","status-publish","hentry"],"_links":{"self":[{"href":"https:\/\/ippa.uek.krakow.pl\/kpp\/wp-json\/wp\/v2\/pages\/100"}],"collection":[{"href":"https:\/\/ippa.uek.krakow.pl\/kpp\/wp-json\/wp\/v2\/pages"}],"about":[{"href":"https:\/\/ippa.uek.krakow.pl\/kpp\/wp-json\/wp\/v2\/types\/page"}],"author":[{"embeddable":true,"href":"https:\/\/ippa.uek.krakow.pl\/kpp\/wp-json\/wp\/v2\/users\/1"}],"replies":[{"embeddable":true,"href":"https:\/\/ippa.uek.krakow.pl\/kpp\/wp-json\/wp\/v2\/comments?post=100"}],"version-history":[{"count":0,"href":"https:\/\/ippa.uek.krakow.pl\/kpp\/wp-json\/wp\/v2\/pages\/100\/revisions"}],"wp:attachment":[{"href":"https:\/\/ippa.uek.krakow.pl\/kpp\/wp-json\/wp\/v2\/media?parent=100"}],"curies":[{"name":"wp","href":"https:\/\/api.w.org\/{rel}","templated":true}]}}