
{"id":1612,"date":"2023-05-25T19:19:24","date_gmt":"2023-05-25T17:19:24","guid":{"rendered":"https:\/\/ippa.uek.krakow.pl\/kgp\/?post_type=pracownicy&#038;p=1612"},"modified":"2023-11-19T18:40:01","modified_gmt":"2023-11-19T17:40:01","slug":"dr-krzysztof-gluc","status":"publish","type":"pracownicy","link":"https:\/\/ippa.uek.krakow.pl\/kgp\/pracownicy\/pracownik-1\/dr-krzysztof-gluc\/","title":{"rendered":"dr Krzysztof G\u0142uc"},"content":{"rendered":"\t\t<div data-elementor-type=\"wp-post\" data-elementor-id=\"1612\" class=\"elementor elementor-1612\">\n\t\t\t\t\t\t<section data-particle_enable=\"false\" data-particle-mobile-disabled=\"false\" class=\"elementor-section elementor-top-section elementor-element elementor-element-3b9614d elementor-section-boxed elementor-section-height-default elementor-section-height-default\" data-id=\"3b9614d\" data-element_type=\"section\" data-settings=\"{&quot;jet_parallax_layout_list&quot;:[{&quot;_id&quot;:&quot;80d470e&quot;,&quot;jet_parallax_layout_image&quot;:{&quot;url&quot;:&quot;&quot;,&quot;id&quot;:&quot;&quot;,&quot;size&quot;:&quot;&quot;},&quot;jet_parallax_layout_image_laptop&quot;:{&quot;url&quot;:&quot;&quot;,&quot;id&quot;:&quot;&quot;,&quot;size&quot;:&quot;&quot;},&quot;jet_parallax_layout_image_tablet_extra&quot;:{&quot;url&quot;:&quot;&quot;,&quot;id&quot;:&quot;&quot;,&quot;size&quot;:&quot;&quot;},&quot;jet_parallax_layout_image_tablet&quot;:{&quot;url&quot;:&quot;&quot;,&quot;id&quot;:&quot;&quot;,&quot;size&quot;:&quot;&quot;},&quot;jet_parallax_layout_image_mobile_extra&quot;:{&quot;url&quot;:&quot;&quot;,&quot;id&quot;:&quot;&quot;,&quot;size&quot;:&quot;&quot;},&quot;jet_parallax_layout_image_mobile&quot;:{&quot;url&quot;:&quot;&quot;,&quot;id&quot;:&quot;&quot;,&quot;size&quot;:&quot;&quot;},&quot;jet_parallax_layout_speed&quot;:{&quot;unit&quot;:&quot;%&quot;,&quot;size&quot;:50,&quot;sizes&quot;:[]},&quot;jet_parallax_layout_type&quot;:&quot;scroll&quot;,&quot;jet_parallax_layout_direction&quot;:null,&quot;jet_parallax_layout_fx_direction&quot;:null,&quot;jet_parallax_layout_z_index&quot;:&quot;&quot;,&quot;jet_parallax_layout_bg_x&quot;:50,&quot;jet_parallax_layout_bg_x_laptop&quot;:&quot;&quot;,&quot;jet_parallax_layout_bg_x_tablet_extra&quot;:&quot;&quot;,&quot;jet_parallax_layout_bg_x_tablet&quot;:&quot;&quot;,&quot;jet_parallax_layout_bg_x_mobile_extra&quot;:&quot;&quot;,&quot;jet_parallax_layout_bg_x_mobile&quot;:&quot;&quot;,&quot;jet_parallax_layout_bg_y&quot;:50,&quot;jet_parallax_layout_bg_y_laptop&quot;:&quot;&quot;,&quot;jet_parallax_layout_bg_y_tablet_extra&quot;:&quot;&quot;,&quot;jet_parallax_layout_bg_y_tablet&quot;:&quot;&quot;,&quot;jet_parallax_layout_bg_y_mobile_extra&quot;:&quot;&quot;,&quot;jet_parallax_layout_bg_y_mobile&quot;:&quot;&quot;,&quot;jet_parallax_layout_bg_size&quot;:&quot;auto&quot;,&quot;jet_parallax_layout_bg_size_laptop&quot;:&quot;&quot;,&quot;jet_parallax_layout_bg_size_tablet_extra&quot;:&quot;&quot;,&quot;jet_parallax_layout_bg_size_tablet&quot;:&quot;&quot;,&quot;jet_parallax_layout_bg_size_mobile_extra&quot;:&quot;&quot;,&quot;jet_parallax_layout_bg_size_mobile&quot;:&quot;&quot;,&quot;jet_parallax_layout_animation_prop&quot;:&quot;transform&quot;,&quot;jet_parallax_layout_on&quot;:[&quot;desktop&quot;,&quot;tablet&quot;]}]}\">\n\t\t\t\t\t\t<div class=\"elementor-container elementor-column-gap-default\">\n\t\t\t\t\t<div class=\"elementor-column elementor-col-33 elementor-top-column elementor-element elementor-element-7901abea\" data-id=\"7901abea\" data-element_type=\"column\">\n\t\t\t<div class=\"elementor-widget-wrap elementor-element-populated\">\n\t\t\t\t\t\t<div class=\"elementor-element elementor-element-525ca7f7 elementor-mobile-align-center elementor-icon-list--layout-traditional elementor-list-item-link-full_width elementor-widget elementor-widget-icon-list\" data-id=\"525ca7f7\" data-element_type=\"widget\" data-widget_type=\"icon-list.default\">\n\t\t\t\t<div class=\"elementor-widget-container\">\n\t\t\t\t\t<ul class=\"elementor-icon-list-items\">\n\t\t\t\t\t\t\t<li class=\"elementor-icon-list-item\">\n\t\t\t\t\t\t\t\t\t\t\t<a href=\"http:\/\/krzysztof.gluc@uek.krakow.pl\">\n\n\t\t\t\t\t\t\t\t\t\t\t\t<span class=\"elementor-icon-list-icon\">\n\t\t\t\t\t\t\t<i aria-hidden=\"true\" class=\"far fa-envelope\"><\/i>\t\t\t\t\t\t<\/span>\n\t\t\t\t\t\t\t\t\t\t<span class=\"elementor-icon-list-text\">krzysztof.gluc@uek.krakow.pl<\/span>\n\t\t\t\t\t\t\t\t\t\t\t<\/a>\n\t\t\t\t\t\t\t\t\t<\/li>\n\t\t\t\t\t\t\t\t<li class=\"elementor-icon-list-item\">\n\t\t\t\t\t\t\t\t\t\t\t<a href=\"tel:(+48)%2012%20293%2000%2000\">\n\n\t\t\t\t\t\t\t\t\t\t\t\t<span class=\"elementor-icon-list-icon\">\n\t\t\t\t\t\t\t<i aria-hidden=\"true\" class=\"fas fa-phone-alt\"><\/i>\t\t\t\t\t\t<\/span>\n\t\t\t\t\t\t\t\t\t\t<span class=\"elementor-icon-list-text\">(+48) 12 293 75 83<\/span>\n\t\t\t\t\t\t\t\t\t\t\t<\/a>\n\t\t\t\t\t\t\t\t\t<\/li>\n\t\t\t\t\t\t\t\t<li class=\"elementor-icon-list-item\">\n\t\t\t\t\t\t\t\t\t\t\t<a href=\"https:\/\/e-uczelnia.uek.krakow.pl\/course\/view.php?id=5404\" target=\"_blank\">\n\n\t\t\t\t\t\t\t\t\t\t\t\t<span class=\"elementor-icon-list-icon\">\n\t\t\t\t\t\t\t<i aria-hidden=\"true\" class=\"fas fa-comments\"><\/i>\t\t\t\t\t\t<\/span>\n\t\t\t\t\t\t\t\t\t\t<span class=\"elementor-icon-list-text\">Sprawd\u017a konsultacje<\/span>\n\t\t\t\t\t\t\t\t\t\t\t<\/a>\n\t\t\t\t\t\t\t\t\t<\/li>\n\t\t\t\t\t\t\t\t<li class=\"elementor-icon-list-item\">\n\t\t\t\t\t\t\t\t\t\t\t<span class=\"elementor-icon-list-icon\">\n\t\t\t\t\t\t\t<i aria-hidden=\"true\" class=\"fas fa-map-marker-alt\"><\/i>\t\t\t\t\t\t<\/span>\n\t\t\t\t\t\t\t\t\t\t<span class=\"elementor-icon-list-text\">Rakowicka 16, pok. 31<\/span>\n\t\t\t\t\t\t\t\t\t<\/li>\n\t\t\t\t\t\t<\/ul>\n\t\t\t\t<\/div>\n\t\t\t\t<\/div>\n\t\t\t\t<div class=\"elementor-element elementor-element-20d84377 elementor-widget elementor-widget-spacer\" data-id=\"20d84377\" data-element_type=\"widget\" data-widget_type=\"spacer.default\">\n\t\t\t\t<div class=\"elementor-widget-container\">\n\t\t\t\t\t<div class=\"elementor-spacer\">\n\t\t\t<div class=\"elementor-spacer-inner\"><\/div>\n\t\t<\/div>\n\t\t\t\t<\/div>\n\t\t\t\t<\/div>\n\t\t\t\t<div class=\"elementor-element elementor-element-40095c65 elementor-position-left elementor-vertical-align-top elementor-widget elementor-widget-image-box\" data-id=\"40095c65\" data-element_type=\"widget\" data-widget_type=\"image-box.default\">\n\t\t\t\t<div class=\"elementor-widget-container\">\n\t\t\t<div class=\"elementor-image-box-wrapper\"><figure class=\"elementor-image-box-img\"><a href=\"#\" tabindex=\"-1\"><img fetchpriority=\"high\" decoding=\"async\" width=\"420\" height=\"445\" src=\"https:\/\/ippa.uek.krakow.pl\/kgp\/wp-content\/uploads\/sites\/3\/2023\/02\/publikacje-dorobek.png\" class=\"elementor-animation-pulse attachment-full size-full wp-image-186\" alt=\"\" srcset=\"https:\/\/ippa.uek.krakow.pl\/kgp\/wp-content\/uploads\/sites\/3\/2023\/02\/publikacje-dorobek.png 420w, https:\/\/ippa.uek.krakow.pl\/kgp\/wp-content\/uploads\/sites\/3\/2023\/02\/publikacje-dorobek-283x300.png 283w\" sizes=\"(max-width: 420px) 100vw, 420px\" \/><\/a><\/figure><div class=\"elementor-image-box-content\"><h3 class=\"elementor-image-box-title\"><a href=\"#\">Publikacje w bazie \u201eDorobek\u201d  \u00bb<\/a><\/h3><\/div><\/div>\t\t<\/div>\n\t\t\t\t<\/div>\n\t\t\t\t<div class=\"elementor-element elementor-element-6b18df31 elementor-position-left elementor-vertical-align-top elementor-widget elementor-widget-image-box\" data-id=\"6b18df31\" data-element_type=\"widget\" data-widget_type=\"image-box.default\">\n\t\t\t\t<div class=\"elementor-widget-container\">\n\t\t\t<div class=\"elementor-image-box-wrapper\"><figure class=\"elementor-image-box-img\"><a href=\"#\" tabindex=\"-1\"><img decoding=\"async\" width=\"100\" height=\"100\" src=\"https:\/\/ippa.uek.krakow.pl\/kgp\/wp-content\/uploads\/sites\/3\/2023\/02\/ORCID-icon.png\" class=\"elementor-animation-pulse attachment-full size-full wp-image-187\" alt=\"\" srcset=\"https:\/\/ippa.uek.krakow.pl\/kgp\/wp-content\/uploads\/sites\/3\/2023\/02\/ORCID-icon.png 100w, https:\/\/ippa.uek.krakow.pl\/kgp\/wp-content\/uploads\/sites\/3\/2023\/02\/ORCID-icon-75x75.png 75w\" sizes=\"(max-width: 100px) 100vw, 100px\" \/><\/a><\/figure><div class=\"elementor-image-box-content\"><h3 class=\"elementor-image-box-title\"><a href=\"#\">ORCID \u00bb<\/a><\/h3><\/div><\/div>\t\t<\/div>\n\t\t\t\t<\/div>\n\t\t\t\t\t<\/div>\n\t\t<\/div>\n\t\t\t\t<div class=\"elementor-column elementor-col-33 elementor-top-column elementor-element elementor-element-5910100c\" data-id=\"5910100c\" data-element_type=\"column\">\n\t\t\t<div class=\"elementor-widget-wrap\">\n\t\t\t\t\t\t\t<\/div>\n\t\t<\/div>\n\t\t\t\t<div class=\"elementor-column elementor-col-33 elementor-top-column elementor-element elementor-element-c9b68cd\" data-id=\"c9b68cd\" data-element_type=\"column\">\n\t\t\t<div class=\"elementor-widget-wrap elementor-element-populated\">\n\t\t\t\t\t\t<div class=\"elementor-element elementor-element-73235f3d elementor-widget elementor-widget-text-editor\" data-id=\"73235f3d\" data-element_type=\"widget\" data-widget_type=\"text-editor.default\">\n\t\t\t\t<div class=\"elementor-widget-container\">\n\t\t\t\t\t\t\t<div id=\"prof3\" class=\"col-md-12\"><p>Adiunkt, absolwent historii w \nWy\u017cszej Szkole Pedagogicznej w Krakowie, doktorat w National Louis \nUniversity w Chicago, USA, uko\u0144czy\u0142 studia podyplomowe w zakresie \n\u201ePrawnych i finansowych aspekt\u00f3w nadzoru w\u0142a\u015bcicielskiego\u201d w Wy\u017cszej \nSzkole Biznesu \u2013 National Louis University w Nowym S\u0105czu oraz \n\u201eWsp\u00f3\u0142czesnych koncepcji zarz\u0105dzania przedsi\u0119biorstwem\u201d w Uniwersytecie \nEkonomicznym w Krakowie.<\/p><p>Przez wiele lat pracownik WSB-NLU w Nowym\n S\u0105czu, gdzie pe\u0142ni\u0142 m.in. funkcj\u0119 Prorektora ds. dydaktycznych oraz \nDziekana Wydzia\u0142u Studi\u00f3w Politycznych. Obecnie r\u00f3wnolegle pe\u0142ni funkcj\u0119\n Wiceprezesa Zarz\u0105du ds. Strategii i Rozwoju w S\u0105deckich Wodoci\u0105gach Sp.\n z o.o.. wiceprzewodnicz\u0105cy Zespo\u0142u ds. Aktualizacji Strategii Rozwoju \nNowego S\u0105cza 2020+, obecnie koordynator Programu Kluczowego \u201eMiasto \nInteligentne\u201d.<\/p><p>Autor i ekspert w wielu projektach rozwojowych na \nterenie wojew\u00f3dztwa ma\u0142opolskiego i podkarpackiego anga\u017cuj\u0105cych \ninstytucje samorz\u0105du terytorialnego, organizacje pozarz\u0105dowe oraz firmy,\n specjalista w zakresie zarz\u0105dzania projektami infrastrukturalnymi \nwsp\u00f3\u0142finansowanymi ze \u015brodk\u00f3w Unii Europejskiej. Zainteresowania \nbadawcze zwi\u0105zane s\u0105 z funkcjonowaniem us\u0142ug publicznych, gospodark\u0105 \nkomunaln\u0105, zarz\u0105dzaniem strategicznym w gospodarce i administracji \npublicznej oraz pozyskiwaniem funduszy zewn\u0119trznych. Odznaczony Srebrnym\n Krzy\u017cem Zas\u0142ugi za propagowanie polsko\u015bci w Chicago.<\/p><\/div><p><\/p>\t\t\t\t\t\t<\/div>\n\t\t\t\t<\/div>\n\t\t\t\t\t<\/div>\n\t\t<\/div>\n\t\t\t\t\t<\/div>\n\t\t<\/section>\n\t\t\t\t<\/div>\n\t\t","protected":false},"excerpt":{"rendered":"<p>krzysztof.gluc@uek.krakow.pl (+48) 12 293 75 83 Sprawd\u017a konsultacje Rakowicka 16, pok. 31 \/*! elementor &#8211; v3.12.1 &#8211; 02-04-2023 *\/ .elementor-column .elementor-spacer-inner{height:var(&#8211;spacer-size)}.e-con{&#8211;container-widget-width:100%}.e-con-inner&gt;.elementor-widget-spacer,.e-con&gt;.elementor-widget-spacer{width:var(&#8211;container-widget-width,var(&#8211;spacer-size));&#8211;align-self:var(&#8211;container-widget-align-self,initial);&#8211;flex-shrink:0}.e-con-inner&gt;.elementor-widget-spacer&gt;.elementor-widget-container,.e-con-inner&gt;.elementor-widget-spacer&gt;.elementor-widget-container&gt;.elementor-spacer,.e-con&gt;.elementor-widget-spacer&gt;.elementor-widget-container,.e-con&gt;.elementor-widget-spacer&gt;.elementor-widget-container&gt;.elementor-spacer{height:100%}.e-con-inner&gt;.elementor-widget-spacer&gt;.elementor-widget-container&gt;.elementor-spacer&gt;.elementor-spacer-inner,.e-con&gt;.elementor-widget-spacer&gt;.elementor-widget-container&gt;.elementor-spacer&gt;.elementor-spacer-inner{height:var(&#8211;container-widget-height,var(&#8211;spacer-size))} .elementor-widget-image-box .elementor-image-box-content{width:100%}@media (min-width:768px){.elementor-widget-image-box.elementor-position-left .elementor-image-box-wrapper,.elementor-widget-image-box.elementor-position-right .elementor-image-box-wrapper{display:flex}.elementor-widget-image-box.elementor-position-right .elementor-image-box-wrapper{text-align:right;flex-direction:row-reverse}.elementor-widget-image-box.elementor-position-left .elementor-image-box-wrapper{text-align:left;flex-direction:row}.elementor-widget-image-box.elementor-position-top .elementor-image-box-img{margin:auto}.elementor-widget-image-box.elementor-vertical-align-top .elementor-image-box-wrapper{align-items:flex-start}.elementor-widget-image-box.elementor-vertical-align-middle .elementor-image-box-wrapper{align-items:center}.elementor-widget-image-box.elementor-vertical-align-bottom .elementor-image-box-wrapper{align-items:flex-end}}@media (max-width:767px){.elementor-widget-image-box .elementor-image-box-img{margin-left:auto!important;margin-right:auto!important;margin-bottom:15px}}.elementor-widget-image-box .elementor-image-box-img{display:inline-block}.elementor-widget-image-box .elementor-image-box-title a{color:inherit}.elementor-widget-image-box .elementor-image-box-wrapper{text-align:center}.elementor-widget-image-box .elementor-image-box-description{margin:0} Publikacje w bazie \u201eDorobek\u201d \u00bb ORCID \u00bb Adiunkt, absolwent historii w Wy\u017cszej Szkole Pedagogicznej w Krakowie, doktorat w National Louis University w Chicago, USA, uko\u0144czy\u0142 studia podyplomowe w zakresie \u201ePrawnych i finansowych aspekt\u00f3w nadzoru w\u0142a\u015bcicielskiego\u201d w Wy\u017cszej Szkole Biznesu \u2013 National Louis University w Nowym S\u0105czu oraz \u201eWsp\u00f3\u0142czesnych koncepcji zarz\u0105dzania przedsi\u0119biorstwem\u201d w Uniwersytecie Ekonomicznym w Krakowie. Przez wiele lat pracownik WSB-NLU w Nowym S\u0105czu, gdzie pe\u0142ni\u0142 m.in. funkcj\u0119 Prorektora ds. dydaktycznych oraz Dziekana Wydzia\u0142u Studi\u00f3w Politycznych. Obecnie r\u00f3wnolegle pe\u0142ni funkcj\u0119 Wiceprezesa Zarz\u0105du ds. Strategii i Rozwoju w S\u0105deckich Wodoci\u0105gach Sp. z o.o.. wiceprzewodnicz\u0105cy Zespo\u0142u ds. Aktualizacji Strategii Rozwoju Nowego S\u0105cza 2020+, obecnie koordynator Programu Kluczowego \u201eMiasto Inteligentne\u201d. Autor i ekspert w wielu projektach rozwojowych na terenie wojew\u00f3dztwa ma\u0142opolskiego i podkarpackiego anga\u017cuj\u0105cych instytucje samorz\u0105du terytorialnego, organizacje pozarz\u0105dowe oraz firmy, specjalista w zakresie zarz\u0105dzania projektami infrastrukturalnymi wsp\u00f3\u0142finansowanymi ze \u015brodk\u00f3w Unii Europejskiej. Zainteresowania badawcze zwi\u0105zane s\u0105 z funkcjonowaniem us\u0142ug publicznych, gospodark\u0105 komunaln\u0105, zarz\u0105dzaniem strategicznym w gospodarce i administracji publicznej oraz pozyskiwaniem funduszy zewn\u0119trznych. Odznaczony Srebrnym Krzy\u017cem Zas\u0142ugi za propagowanie polsko\u015bci w Chicago.<\/p>\n","protected":false},"author":10,"featured_media":2096,"parent":179,"menu_order":3,"template":"elementor_header_footer","format":"standard","meta":[],"tags":[116],"kategoria-pracownicy":[109],"class_list":["post-1612","pracownicy","type-pracownicy","status-publish","format-standard","has-post-thumbnail","hentry","tag-pracownik-badawczo-dydaktyczny","kategoria-pracownicy-pracownicy-pl"],"_links":{"self":[{"href":"https:\/\/ippa.uek.krakow.pl\/kgp\/wp-json\/wp\/v2\/pracownicy\/1612"}],"collection":[{"href":"https:\/\/ippa.uek.krakow.pl\/kgp\/wp-json\/wp\/v2\/pracownicy"}],"about":[{"href":"https:\/\/ippa.uek.krakow.pl\/kgp\/wp-json\/wp\/v2\/types\/pracownicy"}],"author":[{"embeddable":true,"href":"https:\/\/ippa.uek.krakow.pl\/kgp\/wp-json\/wp\/v2\/users\/10"}],"version-history":[{"count":8,"href":"https:\/\/ippa.uek.krakow.pl\/kgp\/wp-json\/wp\/v2\/pracownicy\/1612\/revisions"}],"predecessor-version":[{"id":2098,"href":"https:\/\/ippa.uek.krakow.pl\/kgp\/wp-json\/wp\/v2\/pracownicy\/1612\/revisions\/2098"}],"up":[{"embeddable":true,"href":"https:\/\/ippa.uek.krakow.pl\/kgp\/wp-json\/wp\/v2\/pracownicy\/179"}],"wp:featuredmedia":[{"embeddable":true,"href":"https:\/\/ippa.uek.krakow.pl\/kgp\/wp-json\/wp\/v2\/media\/2096"}],"wp:attachment":[{"href":"https:\/\/ippa.uek.krakow.pl\/kgp\/wp-json\/wp\/v2\/media?parent=1612"}],"wp:term":[{"taxonomy":"post_tag","embeddable":true,"href":"https:\/\/ippa.uek.krakow.pl\/kgp\/wp-json\/wp\/v2\/tags?post=1612"},{"taxonomy":"kategoria-pracownicy","embeddable":true,"href":"https:\/\/ippa.uek.krakow.pl\/kgp\/wp-json\/wp\/v2\/kategoria-pracownicy?post=1612"}],"curies":[{"name":"wp","href":"https:\/\/api.w.org\/{rel}","templated":true}]}}